{"id":908,"date":"2023-12-03T20:20:29","date_gmt":"2023-12-03T20:20:29","guid":{"rendered":"https:\/\/stbenedictmiami.org\/?page_id=908"},"modified":"2024-04-28T03:19:45","modified_gmt":"2024-04-28T03:19:45","slug":"groups-and-ministeries","status":"publish","type":"page","link":"https:\/\/stbenedictmiami.org\/es\/groups-and-ministeries\/","title":{"rendered":"GRUPOS Y MINISTERIOS"},"content":{"rendered":"<div data-elementor-type=\"wp-page\" data-elementor-id=\"908\" class=\"elementor elementor-908\">\n\t\t\t\t<div class=\"elementor-element elementor-element-8765465 e-flex e-con-boxed e-con e-parent\" data-id=\"8765465\" data-element_type=\"container\" data-e-type=\"container\">\n\t\t\t\t\t<div class=\"e-con-inner\">\n\t\t<div class=\"elementor-element elementor-element-53f38e4 e-flex e-con-boxed e-con e-child\" data-id=\"53f38e4\" data-element_type=\"container\" data-e-type=\"container\">\n\t\t\t\t\t<div class=\"e-con-inner\">\n\t\t\t\t<div class=\"elementor-element elementor-element-cef356d elementor-widget elementor-widget-heading\" data-id=\"cef356d\" data-element_type=\"widget\" data-e-type=\"widget\" data-widget_type=\"heading.default\">\n\t\t\t\t<div class=\"elementor-widget-container\">\n\t\t\t\t\t<h1 class=\"elementor-heading-title elementor-size-default\">Grupos y ministerios<\/h1>\t\t\t\t<\/div>\n\t\t\t\t<\/div>\n\t\t\t\t\t<\/div>\n\t\t\t\t<\/div>\n\t\t\t\t\t<\/div>\n\t\t\t\t<\/div>\n\t\t<div class=\"elementor-element elementor-element-51400f1 e-con-full e-flex e-con e-parent\" data-id=\"51400f1\" data-element_type=\"container\" data-e-type=\"container\">\n\t\t<div class=\"elementor-element elementor-element-9103bf5 e-flex e-con-boxed e-con e-child\" data-id=\"9103bf5\" data-element_type=\"container\" data-e-type=\"container\">\n\t\t\t\t\t<div class=\"e-con-inner\">\n\t\t<div class=\"elementor-element elementor-element-fab69c1 e-flex e-con-boxed e-con e-child\" data-id=\"fab69c1\" data-element_type=\"container\" data-e-type=\"container\">\n\t\t\t\t\t<div class=\"e-con-inner\">\n\t\t\t\t<div class=\"elementor-element elementor-element-2e8a3d2 elementor-widget elementor-widget-heading\" data-id=\"2e8a3d2\" data-element_type=\"widget\" data-e-type=\"widget\" data-widget_type=\"heading.default\">\n\t\t\t\t<div class=\"elementor-widget-container\">\n\t\t\t\t\t<h2 class=\"elementor-heading-title elementor-size-default\">Ministerios<\/h2>\t\t\t\t<\/div>\n\t\t\t\t<\/div>\n\t\t\t\t\t<\/div>\n\t\t\t\t<\/div>\n\t\t\t\t<div class=\"elementor-element elementor-element-2dc74b9 elementor-widget-divider--view-line elementor-widget elementor-widget-divider\" data-id=\"2dc74b9\" data-element_type=\"widget\" data-e-type=\"widget\" data-widget_type=\"divider.default\">\n\t\t\t\t<div class=\"elementor-widget-container\">\n\t\t\t\t\t\t\t<div class=\"elementor-divider\">\n\t\t\t<span class=\"elementor-divider-separator\">\n\t\t\t\t\t\t<\/span>\n\t\t<\/div>\n\t\t\t\t\t\t<\/div>\n\t\t\t\t<\/div>\n\t\t<div class=\"elementor-element elementor-element-752d105 e-flex e-con-boxed e-con e-child\" data-id=\"752d105\" data-element_type=\"container\" data-e-type=\"container\">\n\t\t\t\t\t<div class=\"e-con-inner\">\n\t\t<div class=\"elementor-element elementor-element-7aa0067 e-flex e-con-boxed e-con e-child\" data-id=\"7aa0067\" data-element_type=\"container\" data-e-type=\"container\" data-settings=\"{&quot;background_background&quot;:&quot;classic&quot;}\">\n\t\t\t\t\t<div class=\"e-con-inner\">\n\t\t\t\t<div class=\"elementor-element elementor-element-1c095f5 elementor-widget elementor-widget-text-editor\" data-id=\"1c095f5\" data-element_type=\"widget\" data-e-type=\"widget\" data-widget_type=\"text-editor.default\">\n\t\t\t\t<div class=\"elementor-widget-container\">\n\t\t\t\t\t\t\t\t\t<p style=\"color: #ad8f63;\"><strong>SERVIDORES DEL ALTAR (MONAGUILLOS)<\/strong><\/p><p class=\"p2\">The Ministry of Altar Servers includes children and young people interested in serving the Lord during weekend liturgies. Along with assisting the priests, Altar Servers participate fully in the mass; through prayer, singing, and their respect for the Word of God.<\/p><p class=\"p2\">Los candidatos deben haber recibido el Sacramento de la Primera Comuni\u00f3n antes de servir.<\/p><p class=\"p2\">Le damos una calurosa bienvenida a todos los J\u00f3venes interesados en unirse a este ministerio. Los\nanimamos a llenar la forma de registro en la Oficina Parroquial. Despu\u00e9s de entrenarse, los candidatos\nser\u00e1n incluidos en el calendario de liturgias para servir. Apreciamos y animamos la presencia de los padres\npara darle apoyo al ministerio.<\/p><p class=\"p2\">If your son is interested in served, please call our Parish Office.<\/p>\t\t\t\t\t\t\t\t<\/div>\n\t\t\t\t<\/div>\n\t\t\t\t\t<\/div>\n\t\t\t\t<\/div>\n\t\t<div class=\"elementor-element elementor-element-ed4f458 e-flex e-con-boxed e-con e-child\" data-id=\"ed4f458\" data-element_type=\"container\" data-e-type=\"container\" data-settings=\"{&quot;background_background&quot;:&quot;classic&quot;}\">\n\t\t\t\t\t<div class=\"e-con-inner\">\n\t\t\t\t<div class=\"elementor-element elementor-element-eaf7194 elementor-widget elementor-widget-text-editor\" data-id=\"eaf7194\" data-element_type=\"widget\" data-e-type=\"widget\" data-widget_type=\"text-editor.default\">\n\t\t\t\t<div class=\"elementor-widget-container\">\n\t\t\t\t\t\t\t\t\t<p style=\"color: #ad8f63;\"><strong>EUCHARIST MINISTRIES<\/strong><\/p><p class=\"p2\">Los ministros Extraordinarios de la Eucaristia, son los responsables de llevar el Sacramento del Cuerpo y la\nSangre de Cristo al pueblo de Dios durante la misa. Este es uno de los trabajos de los ministros Ordenados\n(sacerdotes y di\u00e1conos) en su servicio como \"ministros Ordinarios de la Sagrada Comuni\u00f3n\", sin embargo,\nlaicos comprometidos indistintamente hombres o mujeres pueden ser designados como \"ministros\nExtraordinarios de la Sagrada Comuni\u00f3n\" para ayudar a los sacerdotes y di\u00e1conos en este deber.<\/p><p class=\"p2\">Extraordinary Ministers of Holy Communion should have received the sacraments of Baptism, Communion, and Confirmation, be at least 25 years old, and desire to live the message of the Gospel in their lives. If married, it must be by the Catholic Church, and they should participate faithfully in every Sunday Mass.<\/p><p class=\"p2\">Interview approval by pastor and workshop is required<\/p>\t\t\t\t\t\t\t\t<\/div>\n\t\t\t\t<\/div>\n\t\t\t\t\t<\/div>\n\t\t\t\t<\/div>\n\t\t\t\t\t<\/div>\n\t\t\t\t<\/div>\n\t\t<div class=\"elementor-element elementor-element-2cd359c e-flex e-con-boxed e-con e-child\" data-id=\"2cd359c\" data-element_type=\"container\" data-e-type=\"container\">\n\t\t\t\t\t<div class=\"e-con-inner\">\n\t\t<div class=\"elementor-element elementor-element-44d226f e-flex e-con-boxed e-con e-child\" data-id=\"44d226f\" data-element_type=\"container\" data-e-type=\"container\" data-settings=\"{&quot;background_background&quot;:&quot;classic&quot;}\">\n\t\t\t\t\t<div class=\"e-con-inner\">\n\t\t\t\t<div class=\"elementor-element elementor-element-9e48578 elementor-widget elementor-widget-text-editor\" data-id=\"9e48578\" data-element_type=\"widget\" data-e-type=\"widget\" data-widget_type=\"text-editor.default\">\n\t\t\t\t<div class=\"elementor-widget-container\">\n\t\t\t\t\t\t\t\t\t<p style=\"color: #ad8f63;\"><strong>LECTORES\/COMENTADOR<\/strong><\/p><p class=\"p2\">Los Lectores son feligreses que se han ofrecido voluntariamente para proclamar la Palabra de Dios en las celebraciones lit\u00fargicas dominicales, d\u00edas de precepto y fiestas de guardar. Son los encargados de\nproclamar de forma audible y clara la Palabra de Dios, durante la celebraci\u00f3n de la Misa.\n\nAprobaci\u00f3n por el sacerdote o diacono es requerida. Tambi\u00e9n deben hacer un Taller de Entrenamiento\nantes de servir.<\/p>\t\t\t\t\t\t\t\t<\/div>\n\t\t\t\t<\/div>\n\t\t\t\t\t<\/div>\n\t\t\t\t<\/div>\n\t\t<div class=\"elementor-element elementor-element-75571ac e-flex e-con-boxed e-con e-child\" data-id=\"75571ac\" data-element_type=\"container\" data-e-type=\"container\" data-settings=\"{&quot;background_background&quot;:&quot;classic&quot;}\">\n\t\t\t\t\t<div class=\"e-con-inner\">\n\t\t\t\t<div class=\"elementor-element elementor-element-2d768ad elementor-widget elementor-widget-text-editor\" data-id=\"2d768ad\" data-element_type=\"widget\" data-e-type=\"widget\" data-widget_type=\"text-editor.default\">\n\t\t\t\t<div class=\"elementor-widget-container\">\n\t\t\t\t\t\t\t\t\t<p style=\"color: #ad8f63;\"><strong>SACRIST\u00c1N<\/strong><\/p><p class=\"p2\">Tiene la responsabilidad de preparar todo lo necesario antes de la misa y asistir al sacerdote y dem\u00e1s celebrantes.<\/p>\t\t\t\t\t\t\t\t<\/div>\n\t\t\t\t<\/div>\n\t\t\t\t\t<\/div>\n\t\t\t\t<\/div>\n\t\t<div class=\"elementor-element elementor-element-3be3752 e-flex e-con-boxed e-con e-child\" data-id=\"3be3752\" data-element_type=\"container\" data-e-type=\"container\" data-settings=\"{&quot;background_background&quot;:&quot;classic&quot;}\">\n\t\t\t\t\t<div class=\"e-con-inner\">\n\t\t\t\t<div class=\"elementor-element elementor-element-923916c elementor-widget elementor-widget-text-editor\" data-id=\"923916c\" data-element_type=\"widget\" data-e-type=\"widget\" data-widget_type=\"text-editor.default\">\n\t\t\t\t<div class=\"elementor-widget-container\">\n\t\t\t\t\t\t\t\t\t<p style=\"color: #ad8f63;\"><strong>UJIERES<\/strong><\/p><p class=\"p2\">Sonre\u00edr y dar una calurosa bienvenida y ayudar a los feligreses cuando ingresan a la parroquia; dirigir a los\nfeligreses a los asientos abiertos; pasar las canastas para la colecta; dirigir a los feligreses a la comuni\u00f3n y\ndistribuir boletin semanal.<\/p><p class=\"p2\">Si usted est\u00e1 interesado en servir, en cualquiera de los ministerios de liturgia, por favor llame a la Oficina\nParroquial.<\/p>\t\t\t\t\t\t\t\t<\/div>\n\t\t\t\t<\/div>\n\t\t\t\t\t<\/div>\n\t\t\t\t<\/div>\n\t\t\t\t\t<\/div>\n\t\t\t\t<\/div>\n\t\t\t\t\t<\/div>\n\t\t\t\t<\/div>\n\t\t\t\t<\/div>\n\t\t<div class=\"elementor-element elementor-element-2592e4a e-con-full e-flex e-con e-parent\" data-id=\"2592e4a\" data-element_type=\"container\" data-e-type=\"container\">\n\t\t<div class=\"elementor-element elementor-element-4190310 e-flex e-con-boxed e-con e-child\" data-id=\"4190310\" data-element_type=\"container\" data-e-type=\"container\">\n\t\t\t\t\t<div class=\"e-con-inner\">\n\t\t<div class=\"elementor-element elementor-element-763c702 e-flex e-con-boxed e-con e-child\" data-id=\"763c702\" data-element_type=\"container\" data-e-type=\"container\">\n\t\t\t\t\t<div class=\"e-con-inner\">\n\t\t\t\t<div class=\"elementor-element elementor-element-6824d6b elementor-widget elementor-widget-heading\" data-id=\"6824d6b\" data-element_type=\"widget\" data-e-type=\"widget\" data-widget_type=\"heading.default\">\n\t\t\t\t<div class=\"elementor-widget-container\">\n\t\t\t\t\t<h2 class=\"elementor-heading-title elementor-size-default\">Grupos<\/h2>\t\t\t\t<\/div>\n\t\t\t\t<\/div>\n\t\t\t\t\t<\/div>\n\t\t\t\t<\/div>\n\t\t\t\t<div class=\"elementor-element elementor-element-f5e40bd elementor-widget-divider--view-line elementor-widget elementor-widget-divider\" data-id=\"f5e40bd\" data-element_type=\"widget\" data-e-type=\"widget\" data-widget_type=\"divider.default\">\n\t\t\t\t<div class=\"elementor-widget-container\">\n\t\t\t\t\t\t\t<div class=\"elementor-divider\">\n\t\t\t<span class=\"elementor-divider-separator\">\n\t\t\t\t\t\t<\/span>\n\t\t<\/div>\n\t\t\t\t\t\t<\/div>\n\t\t\t\t<\/div>\n\t\t<div class=\"elementor-element elementor-element-459651b e-flex e-con-boxed e-con e-child\" data-id=\"459651b\" data-element_type=\"container\" data-e-type=\"container\">\n\t\t\t\t\t<div class=\"e-con-inner\">\n\t\t<div class=\"elementor-element elementor-element-45307be e-flex e-con-boxed e-con e-child\" data-id=\"45307be\" data-element_type=\"container\" data-e-type=\"container\" data-settings=\"{&quot;background_background&quot;:&quot;classic&quot;}\">\n\t\t\t\t\t<div class=\"e-con-inner\">\n\t\t\t\t<div class=\"elementor-element elementor-element-6c5a18d elementor-widget elementor-widget-text-editor\" data-id=\"6c5a18d\" data-element_type=\"widget\" data-e-type=\"widget\" data-widget_type=\"text-editor.default\">\n\t\t\t\t<div class=\"elementor-widget-container\">\n\t\t\t\t\t\t\t\t\t<p style=\"color: #ad8f63;\"><strong>ADORACI\u00d3N EUCAR\u00cdSTICA<\/strong><\/p>\n<p class=\"p1\">Nuestra parroquia es bendecida con la presencia real de nuestro Se\u00f1or en el San\udbc0\udda1simo Sacramento,\nexpuesto 24 horas al d\u00eda, 7 d\u00edas a la semana, en nuestra Capilla de Adoraci\u00f3n Perpetua San Jos\u00e9.<\/p>\n<p class=\"p1\">\u201cLa adoraci\u00f3n es la primera ac\udbc0\udd9ftud del hombre que se reconoce criatura ante su Creador. Exalta la\ngrandeza del Se\u00f1or que nos ha hecho (cf Sal 95, 1-6) y la omnipotencia del Salvador que nos libera del\nmal. Es la acci\u00f3n de humillar el esp\u00edritu ante el \u201cRey de la gloria\u201d (Sal 14, 9-10) y el silencio respetuoso en\npresencia de Dios \u201csiempre [...] mayor\u201d. La adoraci\u00f3n de Dios tres veces santo y soberanamente amable\nnos llena de humildad y da seguridad a nuestras s\u00faplicas\u201d (CCC 2628)<\/p>\n<p class=\"p1\">\"El tiempo que uno pasa con Jes\u00fas en el Sant\u00edsimo Sacramento es el tiempo mejor invertido en la tierra.\nCada momento que uno dedica a Jes\u00fas profundiza nuestra uni\u00f3n con \u00c9l y le imprime al alma un aspecto\nm\u00e1s eternamente glorioso y hermoso en el Cielo, que nos ayudar\u00e1 a alcanzar una paz duradera en la\ntierra.\" Santa Teresa de Calcuta<\/p>\n<p class=\"p1\">Usted puede dedicar una hora adorando a Jes\u00fas en el Sant\u00edsimo Sacramento y orar por sus intenciones,\nlas intenciones de la familia parroquial, las intenciones del Santo Padre el Papa Francisco y por las vocaciones al sacerdocio y la vida religiosa.<\/p>\n<p class=\"p1\">Si usted siente el llamado a adorar a Jes\u00fas Eucarist\u00eda, lo invitamos a registrarse llamando a la Sra. Luisa Arguello al 305-542-0210<\/p>\t\t\t\t\t\t\t\t<\/div>\n\t\t\t\t<\/div>\n\t\t\t\t\t<\/div>\n\t\t\t\t<\/div>\n\t\t\t\t\t<\/div>\n\t\t\t\t<\/div>\n\t\t<div class=\"elementor-element elementor-element-60aead3 e-flex e-con-boxed e-con e-child\" data-id=\"60aead3\" data-element_type=\"container\" data-e-type=\"container\">\n\t\t\t\t\t<div class=\"e-con-inner\">\n\t\t<div class=\"elementor-element elementor-element-5bf4910 e-flex e-con-boxed e-con e-child\" data-id=\"5bf4910\" data-element_type=\"container\" data-e-type=\"container\" data-settings=\"{&quot;background_background&quot;:&quot;classic&quot;}\">\n\t\t\t\t\t<div class=\"e-con-inner\">\n\t\t\t\t<div class=\"elementor-element elementor-element-aa1a552 elementor-widget elementor-widget-text-editor\" data-id=\"aa1a552\" data-element_type=\"widget\" data-e-type=\"widget\" data-widget_type=\"text-editor.default\">\n\t\t\t\t<div class=\"elementor-widget-container\">\n\t\t\t\t\t\t\t\t\t<p style=\"color: #ad8f63;\"><strong>MOVIMIENTO DE CURSILLO<\/strong><\/p><p class=\"p1\">&#8220;The Cursillo Movement&#8221; is a movement of the Roman Catholic Church ministering worldwide and having the same apostolic purpose as the Church herself evangelization. The Cursillo, by means of its own method, makes it possible for Catholic people to live what is fundamental for being a Christian, and to live it in community. It helps people discover and fulfill their personal vocations and it promotes the creation of core groups of Christians in all walks of life. They, in turn, leaven their environments with the Gospel of Jesus Christ, fulfilling their baptismal responsibility. A &#8220;Cursillo de Cristiandad&#8221; does not simply &#8220;happen once&#8221;; it is &#8220;lived&#8221;, as &#8220;cursillistas&#8221; say.<\/p><p class=\"p1\"><strong>Mettings every Tuesday 7:30 p.m. Parish Center room #3<\/strong><\/p>\t\t\t\t\t\t\t\t<\/div>\n\t\t\t\t<\/div>\n\t\t\t\t\t<\/div>\n\t\t\t\t<\/div>\n\t\t\t\t\t<\/div>\n\t\t\t\t<\/div>\n\t\t<div class=\"elementor-element elementor-element-8d2656e e-flex e-con-boxed e-con e-child\" data-id=\"8d2656e\" data-element_type=\"container\" data-e-type=\"container\">\n\t\t\t\t\t<div class=\"e-con-inner\">\n\t\t<div class=\"elementor-element elementor-element-5d8a7db e-flex e-con-boxed e-con e-child\" data-id=\"5d8a7db\" data-element_type=\"container\" data-e-type=\"container\" data-settings=\"{&quot;background_background&quot;:&quot;classic&quot;}\">\n\t\t\t\t\t<div class=\"e-con-inner\">\n\t\t\t\t<div class=\"elementor-element elementor-element-e167a26 elementor-widget elementor-widget-text-editor\" data-id=\"e167a26\" data-element_type=\"widget\" data-e-type=\"widget\" data-widget_type=\"text-editor.default\">\n\t\t\t\t<div class=\"elementor-widget-container\">\n\t\t\t\t\t\t\t\t\t<p><span style=\"font-style: inherit; text-align: var(--text-align);\"><span style=\"color: #ad8f63;\"><b>ADORACI\u00d3N EUCAR\u00cdSTICA<br \/><br \/><\/b><\/span><\/span><span style=\"color: #8a8989; font-style: inherit; font-weight: inherit; text-align: var(--text-align);\">Nuestra parroquia es bendecida con la presencia real de nuestro Se\u00f1or en el San\udbc0\udda1simo Sacramento,\nexpuesto 24 horas al d\u00eda, 7 d\u00edas a la semana, en nuestra Capilla de Adoraci\u00f3n Perpetua San Jos\u00e9.<\/span><\/p><p>\u201cLa adoraci\u00f3n es la primera actitud del hombre que se reconoce criatura ante su Creador. Exalta la\ngrandeza del Se\u00f1or que nos ha hecho (cf Sal 95, 1-6) y la omnipotencia del Salvador que nos libera del\nmal.<\/p><p>La adoraci\u00f3n es homenaje del esp\u00edritu al \u201cRey de Gloria\u201d, silencio respetuoso en presencia del Dios \u201ccada vez mayor\u201d. La adoraci\u00f3n al Dios de amor, tres veces santo y soberano, se mezcla con la humildad y da seguridad a nuestras s\u00faplicas\u201d (CIC 2628)<\/p><p>\"El tiempo que uno pasa con Jes\u00fas en el Sant\u00edsimo Sacramento es el tiempo mejor invertido en la Tierra.<br \/><br \/>Cada momento que pases con Jes\u00fas profundizar\u00e1 tu uni\u00f3n con \u00c9l y har\u00e1 que tu alma sea eternamente m\u00e1s gloriosa y hermosa en el cielo, y ayudar\u00e1 a lograr una paz eterna en la tierra\u201d. \u2013 Santa Teresa de Calcuta<\/p><p>Usted puede dedicar una hora adorando a Jes\u00fas en el Sant\u00edsimo Sacramento y orar por sus intenciones,\nlas intenciones de la familia parroquial, las intenciones del Santo Padre el Papa Francisco y por las vocaciones al sacerdocio y la vida religiosa.<\/p><p>Si usted siente el llamado a adorar a Jes\u00fas Eucarist\u00eda, lo invitamos a registrarse llamando a la Sra. Luisa Arguello al 305-542-0210<\/p>\t\t\t\t\t\t\t\t<\/div>\n\t\t\t\t<\/div>\n\t\t\t\t\t<\/div>\n\t\t\t\t<\/div>\n\t\t<div class=\"elementor-element elementor-element-48b819e e-flex e-con-boxed e-con e-child\" data-id=\"48b819e\" data-element_type=\"container\" data-e-type=\"container\" data-settings=\"{&quot;background_background&quot;:&quot;classic&quot;}\">\n\t\t\t\t\t<div class=\"e-con-inner\">\n\t\t\t\t<div class=\"elementor-element elementor-element-d2cdc8f elementor-widget elementor-widget-text-editor\" data-id=\"d2cdc8f\" data-element_type=\"widget\" data-e-type=\"widget\" data-widget_type=\"text-editor.default\">\n\t\t\t\t<div class=\"elementor-widget-container\">\n\t\t\t\t\t\t\t\t\t<p style=\"color: #ad8f63;\"><strong>EMA\u00daS (HOMBRE Y MUJER)<\/strong><\/p><p class=\"p1\">Lay, committed people, who hold a firm desire of serving the Lord, organize Emmaus retreats. Through their volunteer work during retreats, they announce the good news that Jesus Christ lives and walks amongst us.<\/p><p class=\"p1\">Los retiros de Ema\u00fas son un refugio para todos aquellos que deseen experimentar a Dios; renovar,\nprofundizar su relaci\u00f3n con El y detenerse a evaluar su crecimiento personal y espiritual.<\/p><p class=\"p1\">No son retiros silentes. Su din\u00e1mica est\u00e1 basada en la lectura del evangelio de San Lucas 24,13- donde dos disc\u00edpulos se dirig\u00edan a un pueblo llamado Ema\u00fas, cerca de Jerusal\u00e9n y mientras conversaban, Jes\u00fas mismo se acerc\u00f3 y comenz\u00f3 a caminar con ellos, pero no le conocieron. Al caer la noche Jes\u00fas hizo como que iba a seguir adelante, pero ellos le invitaron a quedarse, cuando ya estaban sentados en la mesa, tom\u00f3 en sus manos el pan, y habiendo dado gracias a Dios, lo parti\u00f3 y se los dio. En ese momento se les abrieron los ojos y reconocieron a Jes\u00fas que \u00e9l hab\u00eda resucitado.<\/p><p class=\"p1\"><strong>Mujeres. Se re\u00fanen cada jueves 8:00 p.m. Centro Parroquial salones #1 y 2<\/strong><\/p><p class=\"p1\"><strong>Hombres. Se re\u00fanen cada mi\u00e9rcoles 8:00 p.m. Centro Parroquial salones #1 y 2<\/strong><\/p>\t\t\t\t\t\t\t\t<\/div>\n\t\t\t\t<\/div>\n\t\t\t\t\t<\/div>\n\t\t\t\t<\/div>\n\t\t\t\t\t<\/div>\n\t\t\t\t<\/div>\n\t\t<div class=\"elementor-element elementor-element-5b41797 e-flex e-con-boxed e-con e-child\" data-id=\"5b41797\" data-element_type=\"container\" data-e-type=\"container\">\n\t\t\t\t\t<div class=\"e-con-inner\">\n\t\t<div class=\"elementor-element elementor-element-f7dd747 e-flex e-con-boxed e-con e-child\" data-id=\"f7dd747\" data-element_type=\"container\" data-e-type=\"container\" data-settings=\"{&quot;background_background&quot;:&quot;classic&quot;}\">\n\t\t\t\t\t<div class=\"e-con-inner\">\n\t\t\t\t<div class=\"elementor-element elementor-element-7447d3b elementor-widget elementor-widget-text-editor\" data-id=\"7447d3b\" data-element_type=\"widget\" data-e-type=\"widget\" data-widget_type=\"text-editor.default\">\n\t\t\t\t<div class=\"elementor-widget-container\">\n\t\t\t\t\t\t\t\t\t<p style=\"color: #ad8f63;\"><strong>ESTUDIOS B\u00cdBLICOS<\/strong><\/p><p class=\"p1\">Nuestro estudio b\u00edblico es continuo y no requiere de experiencia previa. Los feligreses son bienvenidos a\nunirse a \u00e9l en cualquier momento. Todo lo que necesita es el deseo de crecer espiritualmente estudiando la Palabra Sagrada de Dios con otros.<\/p><p class=\"p1\">Se re\u00fane cada martes a las 7:30 pm en el Centro Parroquial sal\u00f3n #7<\/p>\t\t\t\t\t\t\t\t<\/div>\n\t\t\t\t<\/div>\n\t\t\t\t\t<\/div>\n\t\t\t\t<\/div>\n\t\t<div class=\"elementor-element elementor-element-1d6b633 e-flex e-con-boxed e-con e-child\" data-id=\"1d6b633\" data-element_type=\"container\" data-e-type=\"container\" data-settings=\"{&quot;background_background&quot;:&quot;classic&quot;}\">\n\t\t\t\t\t<div class=\"e-con-inner\">\n\t\t\t\t<div class=\"elementor-element elementor-element-eadeae1 elementor-widget elementor-widget-text-editor\" data-id=\"eadeae1\" data-element_type=\"widget\" data-e-type=\"widget\" data-widget_type=\"text-editor.default\">\n\t\t\t\t<div class=\"elementor-widget-container\">\n\t\t\t\t\t\t\t\t\t<p><span style=\"font-style: inherit; text-align: var(--text-align);\"><span style=\"color: #ad8f63;\"><b>FAMILIA DE NAZARET<br \/><\/b><\/span><\/span><span style=\"color: #8a8989; font-style: inherit; font-weight: inherit; text-align: var(--text-align);\"><br \/><\/span><\/p><p class=\"p1\">Es un grupo de oraci\u00f3n movido por el Esp\u00edritu Santo and que cree en el poder del rosario para sanar los\ncorazones de las personas y proclamar que Jes\u00fas est\u00e1 vivo.<\/p><p class=\"p1\">Se re\u00fanen todos los lunes comenzando con la misa a las 7:00 PM y continuando con el Santo Rosario,\nalabanza y oraci\u00f3n.<\/p>\t\t\t\t\t\t\t\t<\/div>\n\t\t\t\t<\/div>\n\t\t\t\t\t<\/div>\n\t\t\t\t<\/div>\n\t\t<div class=\"elementor-element elementor-element-0fc7d5e e-flex e-con-boxed e-con e-child\" data-id=\"0fc7d5e\" data-element_type=\"container\" data-e-type=\"container\" data-settings=\"{&quot;background_background&quot;:&quot;classic&quot;}\">\n\t\t\t\t\t<div class=\"e-con-inner\">\n\t\t\t\t<div class=\"elementor-element elementor-element-9d5a6af elementor-widget elementor-widget-text-editor\" data-id=\"9d5a6af\" data-element_type=\"widget\" data-e-type=\"widget\" data-widget_type=\"text-editor.default\">\n\t\t\t\t<div class=\"elementor-widget-container\">\n\t\t\t\t\t\t\t\t\t<p style=\"color: #ad8f63;\"><strong>LEGI\u00d3N DE MAR\u00cdA<\/strong><\/p><p class=\"p1\">1<span class=\"s1\">st <\/span>1er Grupo. Se re\u00fane los martes a las 6:00 p.m. Centro Parroquial sal\u00f3n #1<\/p><p class=\"p1 translation-block\">2do Grupo. Se re\u00fane los jueves 5:00 p.m. Centro Parroquial sal\u00f3n #1 y 2<\/p>\t\t\t\t\t\t\t\t<\/div>\n\t\t\t\t<\/div>\n\t\t\t\t\t<\/div>\n\t\t\t\t<\/div>\n\t\t\t\t\t<\/div>\n\t\t\t\t<\/div>\n\t\t<div class=\"elementor-element elementor-element-fbca39c e-flex e-con-boxed e-con e-child\" data-id=\"fbca39c\" data-element_type=\"container\" data-e-type=\"container\">\n\t\t\t\t\t<div class=\"e-con-inner\">\n\t\t<div class=\"elementor-element elementor-element-c4f7a60 e-flex e-con-boxed e-con e-child\" data-id=\"c4f7a60\" data-element_type=\"container\" data-e-type=\"container\" data-settings=\"{&quot;background_background&quot;:&quot;classic&quot;}\">\n\t\t\t\t\t<div class=\"e-con-inner\">\n\t\t\t\t<div class=\"elementor-element elementor-element-c0edf5f elementor-widget elementor-widget-text-editor\" data-id=\"c0edf5f\" data-element_type=\"widget\" data-e-type=\"widget\" data-widget_type=\"text-editor.default\">\n\t\t\t\t<div class=\"elementor-widget-container\">\n\t\t\t\t\t\t\t\t\t<p style=\"color: #ad8f63;\"><strong>SANTO ROSARIO<\/strong><\/p><p class=\"p1\">Cada primer s\u00e1bado a las 7:30 am. Virgin Mary Grotto.<\/p>\t\t\t\t\t\t\t\t<\/div>\n\t\t\t\t<\/div>\n\t\t\t\t\t<\/div>\n\t\t\t\t<\/div>\n\t\t<div class=\"elementor-element elementor-element-57d61ea e-flex e-con-boxed e-con e-child\" data-id=\"57d61ea\" data-element_type=\"container\" data-e-type=\"container\" data-settings=\"{&quot;background_background&quot;:&quot;classic&quot;}\">\n\t\t\t\t\t<div class=\"e-con-inner\">\n\t\t\t\t<div class=\"elementor-element elementor-element-69bdedf elementor-widget elementor-widget-text-editor\" data-id=\"69bdedf\" data-element_type=\"widget\" data-e-type=\"widget\" data-widget_type=\"text-editor.default\">\n\t\t\t\t<div class=\"elementor-widget-container\">\n\t\t\t\t\t\t\t\t\t<p><span style=\"font-style: inherit; text-align: var(--text-align);\"><span style=\"color: #ad8f63;\"><b>GRUPO CARISMATICO \u201cGRACIA DIVINA\u201d<\/b><\/span><\/span><\/p><p><b><\/b>Se re\u00fanen cada mi\u00e9rcoles a las 8:00 p.m. Centro Parroquial sal\u00f3n #5 y 6<\/p>\t\t\t\t\t\t\t\t<\/div>\n\t\t\t\t<\/div>\n\t\t\t\t\t<\/div>\n\t\t\t\t<\/div>\n\t\t<div class=\"elementor-element elementor-element-58668ec e-flex e-con-boxed e-con e-child\" data-id=\"58668ec\" data-element_type=\"container\" data-e-type=\"container\" data-settings=\"{&quot;background_background&quot;:&quot;classic&quot;}\">\n\t\t\t\t\t<div class=\"e-con-inner\">\n\t\t\t\t<div class=\"elementor-element elementor-element-a403b72 elementor-widget elementor-widget-text-editor\" data-id=\"a403b72\" data-element_type=\"widget\" data-e-type=\"widget\" data-widget_type=\"text-editor.default\">\n\t\t\t\t<div class=\"elementor-widget-container\">\n\t\t\t\t\t\t\t\t\t<p><span style=\"text-align: var(--text-align);\"><span style=\"color: #ad8f63;\"><b>GRUPO DE ADOLESCENTES Y J\u00d3VENES ADULTOS<\/b><\/span><\/span><\/p><p>Se re\u00fanen cada jueves a las 8:00 p.m. Centro Parroquial sal\u00f3n #7<\/p><p><span style=\"text-align: var(--text-align);\">\u00a0<\/span><\/p>\t\t\t\t\t\t\t\t<\/div>\n\t\t\t\t<\/div>\n\t\t\t\t\t<\/div>\n\t\t\t\t<\/div>\n\t\t\t\t\t<\/div>\n\t\t\t\t<\/div>\n\t\t<div class=\"elementor-element elementor-element-f2d9e4e e-flex e-con-boxed e-con e-child\" data-id=\"f2d9e4e\" data-element_type=\"container\" data-e-type=\"container\">\n\t\t\t\t\t<div class=\"e-con-inner\">\n\t\t<div class=\"elementor-element elementor-element-2481460 e-flex e-con-boxed e-con e-child\" data-id=\"2481460\" data-element_type=\"container\" data-e-type=\"container\" data-settings=\"{&quot;background_background&quot;:&quot;classic&quot;}\">\n\t\t\t\t\t<div class=\"e-con-inner\">\n\t\t\t\t<div class=\"elementor-element elementor-element-d801d41 elementor-widget elementor-widget-text-editor\" data-id=\"d801d41\" data-element_type=\"widget\" data-e-type=\"widget\" data-widget_type=\"text-editor.default\">\n\t\t\t\t<div class=\"elementor-widget-container\">\n\t\t\t\t\t\t\t\t\t<p style=\"color: #ad8f63;\"><strong>TALLER DE PAP\u00c1 SAN JOS\u00c9 (HOMBRE Y MUJER)<\/strong><\/p><p class=\"p1 translation-block\">Se re\u00fanen cada 4to jueves a las 8:00 p.m. Centro Parroquial sal\u00f3n #4 y 5<\/p>\t\t\t\t\t\t\t\t<\/div>\n\t\t\t\t<\/div>\n\t\t\t\t\t<\/div>\n\t\t\t\t<\/div>\n\t\t<div class=\"elementor-element elementor-element-4c7b250 e-flex e-con-boxed e-con e-child\" data-id=\"4c7b250\" data-element_type=\"container\" data-e-type=\"container\" data-settings=\"{&quot;background_background&quot;:&quot;classic&quot;}\">\n\t\t\t\t\t<div class=\"e-con-inner\">\n\t\t\t\t<div class=\"elementor-element elementor-element-c1af23f elementor-widget elementor-widget-text-editor\" data-id=\"c1af23f\" data-element_type=\"widget\" data-e-type=\"widget\" data-widget_type=\"text-editor.default\">\n\t\t\t\t<div class=\"elementor-widget-container\">\n\t\t\t\t\t\t\t\t\t<p><span style=\"font-style: inherit; text-align: var(--text-align);\"><span style=\"color: #ad8f63;\"><b>CABALLEROS CAT\u00d3LICOS<\/b><\/span><\/span><span style=\"color: #8a8989; font-style: inherit; font-weight: inherit; text-align: var(--text-align);\"><br \/><\/span><\/p><p class=\"p1 translation-block\">Se re\u00fanen cada 4to domingo a las 2:00 pm. Centro Parroquial<\/p>\t\t\t\t\t\t\t\t<\/div>\n\t\t\t\t<\/div>\n\t\t\t\t\t<\/div>\n\t\t\t\t<\/div>\n\t\t<div class=\"elementor-element elementor-element-097de90 e-flex e-con-boxed e-con e-child\" data-id=\"097de90\" data-element_type=\"container\" data-e-type=\"container\" data-settings=\"{&quot;background_background&quot;:&quot;classic&quot;}\">\n\t\t\t\t\t<div class=\"e-con-inner\">\n\t\t\t\t<div class=\"elementor-element elementor-element-0dc4bd8 elementor-widget elementor-widget-text-editor\" data-id=\"0dc4bd8\" data-element_type=\"widget\" data-e-type=\"widget\" data-widget_type=\"text-editor.default\">\n\t\t\t\t<div class=\"elementor-widget-container\">\n\t\t\t\t\t\t\t\t\t<p><span style=\"text-align: var(--text-align);\"><span style=\"color: #ad8f63;\"><b>SAN VICENTE DE PABLO<\/b><\/span><\/span><span style=\"text-align: var(--text-align);\"><br \/><\/span><\/p>\t\t\t\t\t\t\t\t<\/div>\n\t\t\t\t<\/div>\n\t\t\t\t\t<\/div>\n\t\t\t\t<\/div>\n\t\t\t\t\t<\/div>\n\t\t\t\t<\/div>\n\t\t\t\t\t<\/div>\n\t\t\t\t<\/div>\n\t\t\t\t<\/div>\n\t\t<div class=\"elementor-element elementor-element-dc0ea08 e-con-full e-flex e-con e-parent\" data-id=\"dc0ea08\" data-element_type=\"container\" data-e-type=\"container\">\n\t\t<div class=\"elementor-element elementor-element-fbdc910 e-flex e-con-boxed e-con e-child\" data-id=\"fbdc910\" data-element_type=\"container\" data-e-type=\"container\">\n\t\t\t\t\t<div class=\"e-con-inner\">\n\t\t<div class=\"elementor-element elementor-element-f153dba e-flex e-con-boxed e-con e-child\" data-id=\"f153dba\" data-element_type=\"container\" data-e-type=\"container\">\n\t\t\t\t\t<div class=\"e-con-inner\">\n\t\t\t\t<div class=\"elementor-element elementor-element-261b325 elementor-widget elementor-widget-heading\" data-id=\"261b325\" data-element_type=\"widget\" data-e-type=\"widget\" data-widget_type=\"heading.default\">\n\t\t\t\t<div class=\"elementor-widget-container\">\n\t\t\t\t\t<h2 class=\"elementor-heading-title elementor-size-default\">Liturgia<\/h2>\t\t\t\t<\/div>\n\t\t\t\t<\/div>\n\t\t\t\t\t<\/div>\n\t\t\t\t<\/div>\n\t\t\t\t<div class=\"elementor-element elementor-element-d8ff761 elementor-widget-divider--view-line elementor-widget elementor-widget-divider\" data-id=\"d8ff761\" data-element_type=\"widget\" data-e-type=\"widget\" data-widget_type=\"divider.default\">\n\t\t\t\t<div class=\"elementor-widget-container\">\n\t\t\t\t\t\t\t<div class=\"elementor-divider\">\n\t\t\t<span class=\"elementor-divider-separator\">\n\t\t\t\t\t\t<\/span>\n\t\t<\/div>\n\t\t\t\t\t\t<\/div>\n\t\t\t\t<\/div>\n\t\t\t\t\t<\/div>\n\t\t\t\t<\/div>\n\t\t\t\t<\/div>\n\t\t<div class=\"elementor-element elementor-element-f167517 e-flex e-con-boxed e-con e-parent\" data-id=\"f167517\" data-element_type=\"container\" data-e-type=\"container\">\n\t\t\t\t\t<div class=\"e-con-inner\">\n\t\t<div class=\"elementor-element elementor-element-e8dfcb4 e-flex e-con-boxed e-con e-child\" data-id=\"e8dfcb4\" data-element_type=\"container\" data-e-type=\"container\">\n\t\t\t\t\t<div class=\"e-con-inner\">\n\t\t\t\t<div class=\"elementor-element elementor-element-3dfbdcd gallery-spacing-custom elementor-widget elementor-widget-image-gallery\" data-id=\"3dfbdcd\" data-element_type=\"widget\" data-e-type=\"widget\" data-widget_type=\"image-gallery.default\">\n\t\t\t\t<div class=\"elementor-widget-container\">\n\t\t\t\t\t\t\t<div class=\"elementor-image-gallery\">\n\t\t\t<div id='gallery-1' class='gallery galleryid-908 gallery-columns-4 gallery-size-large'><figure class='gallery-item'>\n\t\t\t<div class='gallery-icon landscape'>\n\t\t\t\t<a data-elementor-open-lightbox=\"yes\" data-elementor-lightbox-slideshow=\"3dfbdcd\" data-elementor-lightbox-title=\"foto-galeria-4\" data-e-action-hash=\"#elementor-action%3Aaction%3Dlightbox%26settings%3DeyJpZCI6NTEzLCJ1cmwiOiJodHRwczpcL1wvc3RiZW5lZGljdG1pYW1pLm9yZ1wvd3AtY29udGVudFwvdXBsb2Fkc1wvMjAyM1wvMTFcL2ZvdG8tZ2FsZXJpYS00LXNjYWxlZC1lMTcwMTU0ODE3MzEzMi53ZWJwIiwic2xpZGVzaG93IjoiM2RmYmRjZCJ9\" href='https:\/\/stbenedictmiami.org\/wp-content\/uploads\/2023\/11\/foto-galeria-4-scaled-e1701548173132.webp'><img fetchpriority=\"high\" decoding=\"async\" width=\"1024\" height=\"1024\" src=\"https:\/\/stbenedictmiami.org\/wp-content\/uploads\/2023\/11\/foto-galeria-4-scaled-e1701548173132-1024x1024.webp\" class=\"attachment-large size-large\" alt=\"\" srcset=\"https:\/\/stbenedictmiami.org\/wp-content\/uploads\/2023\/11\/foto-galeria-4-scaled-e1701548173132-1024x1024.webp 1024w, https:\/\/stbenedictmiami.org\/wp-content\/uploads\/2023\/11\/foto-galeria-4-scaled-e1701548173132-300x300.webp 300w, https:\/\/stbenedictmiami.org\/wp-content\/uploads\/2023\/11\/foto-galeria-4-scaled-e1701548173132-150x150.webp 150w, https:\/\/stbenedictmiami.org\/wp-content\/uploads\/2023\/11\/foto-galeria-4-scaled-e1701548173132-768x768.webp 768w, https:\/\/stbenedictmiami.org\/wp-content\/uploads\/2023\/11\/foto-galeria-4-scaled-e1701548173132-1536x1536.webp 1536w, https:\/\/stbenedictmiami.org\/wp-content\/uploads\/2023\/11\/foto-galeria-4-scaled-e1701548173132-12x12.webp 12w, https:\/\/stbenedictmiami.org\/wp-content\/uploads\/2023\/11\/foto-galeria-4-scaled-e1701548173132-600x600.webp 600w, https:\/\/stbenedictmiami.org\/wp-content\/uploads\/2023\/11\/foto-galeria-4-scaled-e1701548173132-100x100.webp 100w, https:\/\/stbenedictmiami.org\/wp-content\/uploads\/2023\/11\/foto-galeria-4-scaled-e1701548173132.webp 1920w\" sizes=\"(max-width: 1024px) 100vw, 1024px\" \/><\/a>\n\t\t\t<\/div><\/figure><figure class='gallery-item'>\n\t\t\t<div class='gallery-icon landscape'>\n\t\t\t\t<a data-elementor-open-lightbox=\"yes\" data-elementor-lightbox-slideshow=\"3dfbdcd\" data-elementor-lightbox-title=\"foto-galeria-6\" data-e-action-hash=\"#elementor-action%3Aaction%3Dlightbox%26settings%3DeyJpZCI6NTE1LCJ1cmwiOiJodHRwczpcL1wvc3RiZW5lZGljdG1pYW1pLm9yZ1wvd3AtY29udGVudFwvdXBsb2Fkc1wvMjAyM1wvMTFcL2ZvdG8tZ2FsZXJpYS02LWUxNzAxNTQ4NzY5MTQ1LndlYnAiLCJzbGlkZXNob3ciOiIzZGZiZGNkIn0%3D\" href='https:\/\/stbenedictmiami.org\/wp-content\/uploads\/2023\/11\/foto-galeria-6-e1701548769145.webp'><img decoding=\"async\" width=\"1024\" height=\"1024\" src=\"https:\/\/stbenedictmiami.org\/wp-content\/uploads\/2023\/11\/foto-galeria-6-e1701548769145-1024x1024.webp\" class=\"attachment-large size-large\" alt=\"\" srcset=\"https:\/\/stbenedictmiami.org\/wp-content\/uploads\/2023\/11\/foto-galeria-6-e1701548769145-1024x1024.webp 1024w, https:\/\/stbenedictmiami.org\/wp-content\/uploads\/2023\/11\/foto-galeria-6-e1701548769145-300x300.webp 300w, https:\/\/stbenedictmiami.org\/wp-content\/uploads\/2023\/11\/foto-galeria-6-e1701548769145-150x150.webp 150w, https:\/\/stbenedictmiami.org\/wp-content\/uploads\/2023\/11\/foto-galeria-6-e1701548769145-768x768.webp 768w, https:\/\/stbenedictmiami.org\/wp-content\/uploads\/2023\/11\/foto-galeria-6-e1701548769145-12x12.webp 12w, https:\/\/stbenedictmiami.org\/wp-content\/uploads\/2023\/11\/foto-galeria-6-e1701548769145-600x600.webp 600w, https:\/\/stbenedictmiami.org\/wp-content\/uploads\/2023\/11\/foto-galeria-6-e1701548769145-100x100.webp 100w, https:\/\/stbenedictmiami.org\/wp-content\/uploads\/2023\/11\/foto-galeria-6-e1701548769145.webp 1124w\" sizes=\"(max-width: 1024px) 100vw, 1024px\" \/><\/a>\n\t\t\t<\/div><\/figure><figure class='gallery-item'>\n\t\t\t<div class='gallery-icon portrait'>\n\t\t\t\t<a data-elementor-open-lightbox=\"yes\" data-elementor-lightbox-slideshow=\"3dfbdcd\" data-elementor-lightbox-title=\"Sunday 10:00 am Mass Liturgic Group\" data-e-action-hash=\"#elementor-action%3Aaction%3Dlightbox%26settings%3DeyJpZCI6MTU1OCwidXJsIjoiaHR0cHM6XC9cL3N0YmVuZWRpY3RtaWFtaS5vcmdcL3dwLWNvbnRlbnRcL3VwbG9hZHNcLzIwMjRcLzAxXC9mb3RvLWdhbGVyaWEtOTEtZTE3MDQyOTYzODkzOTIud2VicCIsInNsaWRlc2hvdyI6IjNkZmJkY2QifQ%3D%3D\" href='https:\/\/stbenedictmiami.org\/wp-content\/uploads\/2024\/01\/foto-galeria-91-e1704296389392.webp'><img decoding=\"async\" width=\"1021\" height=\"1024\" src=\"https:\/\/stbenedictmiami.org\/wp-content\/uploads\/2024\/01\/foto-galeria-91-e1704296389392-1021x1024.webp\" class=\"attachment-large size-large\" alt=\"\" srcset=\"https:\/\/stbenedictmiami.org\/wp-content\/uploads\/2024\/01\/foto-galeria-91-e1704296389392-1021x1024.webp 1021w, https:\/\/stbenedictmiami.org\/wp-content\/uploads\/2024\/01\/foto-galeria-91-e1704296389392-300x300.webp 300w, https:\/\/stbenedictmiami.org\/wp-content\/uploads\/2024\/01\/foto-galeria-91-e1704296389392-150x150.webp 150w, https:\/\/stbenedictmiami.org\/wp-content\/uploads\/2024\/01\/foto-galeria-91-e1704296389392-768x770.webp 768w, https:\/\/stbenedictmiami.org\/wp-content\/uploads\/2024\/01\/foto-galeria-91-e1704296389392-12x12.webp 12w, https:\/\/stbenedictmiami.org\/wp-content\/uploads\/2024\/01\/foto-galeria-91-e1704296389392-600x602.webp 600w, https:\/\/stbenedictmiami.org\/wp-content\/uploads\/2024\/01\/foto-galeria-91-e1704296389392-100x100.webp 100w, https:\/\/stbenedictmiami.org\/wp-content\/uploads\/2024\/01\/foto-galeria-91-e1704296389392.webp 1189w\" sizes=\"(max-width: 1021px) 100vw, 1021px\" \/><\/a>\n\t\t\t<\/div><\/figure><figure class='gallery-item'>\n\t\t\t<div class='gallery-icon portrait'>\n\t\t\t\t<a data-elementor-open-lightbox=\"yes\" data-elementor-lightbox-slideshow=\"3dfbdcd\" data-elementor-lightbox-title=\"Aurora Rosary Virgin Mary Grotto\" data-e-action-hash=\"#elementor-action%3Aaction%3Dlightbox%26settings%3DeyJpZCI6NTE2LCJ1cmwiOiJodHRwczpcL1wvc3RiZW5lZGljdG1pYW1pLm9yZ1wvd3AtY29udGVudFwvdXBsb2Fkc1wvMjAyM1wvMTFcL2ZvdG8tZ2FsZXJpYS03LndlYnAiLCJzbGlkZXNob3ciOiIzZGZiZGNkIn0%3D\" href='https:\/\/stbenedictmiami.org\/wp-content\/uploads\/2023\/11\/foto-galeria-7.webp'><img loading=\"lazy\" decoding=\"async\" width=\"394\" height=\"395\" src=\"https:\/\/stbenedictmiami.org\/wp-content\/uploads\/2023\/11\/foto-galeria-7.webp\" class=\"attachment-large size-large\" alt=\"\" srcset=\"https:\/\/stbenedictmiami.org\/wp-content\/uploads\/2023\/11\/foto-galeria-7.webp 394w, https:\/\/stbenedictmiami.org\/wp-content\/uploads\/2023\/11\/foto-galeria-7-300x300.webp 300w, https:\/\/stbenedictmiami.org\/wp-content\/uploads\/2023\/11\/foto-galeria-7-150x150.webp 150w, https:\/\/stbenedictmiami.org\/wp-content\/uploads\/2023\/11\/foto-galeria-7-12x12.webp 12w, https:\/\/stbenedictmiami.org\/wp-content\/uploads\/2023\/11\/foto-galeria-7-100x100.webp 100w\" sizes=\"(max-width: 394px) 100vw, 394px\" \/><\/a>\n\t\t\t<\/div><\/figure><figure class='gallery-item'>\n\t\t\t<div class='gallery-icon landscape'>\n\t\t\t\t<a data-elementor-open-lightbox=\"yes\" data-elementor-lightbox-slideshow=\"3dfbdcd\" data-elementor-lightbox-title=\"Sunday 8:00 am Mass Liturgic Group\" data-e-action-hash=\"#elementor-action%3Aaction%3Dlightbox%26settings%3DeyJpZCI6NTIzLCJ1cmwiOiJodHRwczpcL1wvc3RiZW5lZGljdG1pYW1pLm9yZ1wvd3AtY29udGVudFwvdXBsb2Fkc1wvMjAyM1wvMTFcL2ZvdG8tZ2FsZXJpYS0xNC1lMTcwMTU0OTM0MzE1OC53ZWJwIiwic2xpZGVzaG93IjoiM2RmYmRjZCJ9\" href='https:\/\/stbenedictmiami.org\/wp-content\/uploads\/2023\/11\/foto-galeria-14-e1701549343158.webp'><img loading=\"lazy\" decoding=\"async\" width=\"1024\" height=\"1024\" src=\"https:\/\/stbenedictmiami.org\/wp-content\/uploads\/2023\/11\/foto-galeria-14-e1701549343158-1024x1024.webp\" class=\"attachment-large size-large\" alt=\"\" srcset=\"https:\/\/stbenedictmiami.org\/wp-content\/uploads\/2023\/11\/foto-galeria-14-e1701549343158-1024x1024.webp 1024w, https:\/\/stbenedictmiami.org\/wp-content\/uploads\/2023\/11\/foto-galeria-14-e1701549343158-300x300.webp 300w, https:\/\/stbenedictmiami.org\/wp-content\/uploads\/2023\/11\/foto-galeria-14-e1701549343158-150x150.webp 150w, https:\/\/stbenedictmiami.org\/wp-content\/uploads\/2023\/11\/foto-galeria-14-e1701549343158-768x768.webp 768w, https:\/\/stbenedictmiami.org\/wp-content\/uploads\/2023\/11\/foto-galeria-14-e1701549343158-12x12.webp 12w, https:\/\/stbenedictmiami.org\/wp-content\/uploads\/2023\/11\/foto-galeria-14-e1701549343158-600x600.webp 600w, https:\/\/stbenedictmiami.org\/wp-content\/uploads\/2023\/11\/foto-galeria-14-e1701549343158-100x100.webp 100w, https:\/\/stbenedictmiami.org\/wp-content\/uploads\/2023\/11\/foto-galeria-14-e1701549343158.webp 1536w\" sizes=\"(max-width: 1024px) 100vw, 1024px\" \/><\/a>\n\t\t\t<\/div><\/figure><figure class='gallery-item'>\n\t\t\t<div class='gallery-icon landscape'>\n\t\t\t\t<a data-elementor-open-lightbox=\"yes\" data-elementor-lightbox-slideshow=\"3dfbdcd\" data-elementor-lightbox-title=\"Sunday 7:00 pm Mass Liturgic Group\" data-e-action-hash=\"#elementor-action%3Aaction%3Dlightbox%26settings%3DeyJpZCI6NTIyLCJ1cmwiOiJodHRwczpcL1wvc3RiZW5lZGljdG1pYW1pLm9yZ1wvd3AtY29udGVudFwvdXBsb2Fkc1wvMjAyM1wvMTFcL2ZvdG8tZ2FsZXJpYS0xMy53ZWJwIiwic2xpZGVzaG93IjoiM2RmYmRjZCJ9\" href='https:\/\/stbenedictmiami.org\/wp-content\/uploads\/2023\/11\/foto-galeria-13.webp'><img loading=\"lazy\" decoding=\"async\" width=\"1024\" height=\"613\" src=\"https:\/\/stbenedictmiami.org\/wp-content\/uploads\/2023\/11\/foto-galeria-13.webp\" class=\"attachment-large size-large\" alt=\"\" srcset=\"https:\/\/stbenedictmiami.org\/wp-content\/uploads\/2023\/11\/foto-galeria-13.webp 1024w, https:\/\/stbenedictmiami.org\/wp-content\/uploads\/2023\/11\/foto-galeria-13-300x180.webp 300w, https:\/\/stbenedictmiami.org\/wp-content\/uploads\/2023\/11\/foto-galeria-13-768x460.webp 768w, https:\/\/stbenedictmiami.org\/wp-content\/uploads\/2023\/11\/foto-galeria-13-18x12.webp 18w, https:\/\/stbenedictmiami.org\/wp-content\/uploads\/2023\/11\/foto-galeria-13-600x359.webp 600w\" sizes=\"(max-width: 1024px) 100vw, 1024px\" \/><\/a>\n\t\t\t<\/div><\/figure><figure class='gallery-item'>\n\t\t\t<div class='gallery-icon landscape'>\n\t\t\t\t<a data-elementor-open-lightbox=\"yes\" data-elementor-lightbox-slideshow=\"3dfbdcd\" data-elementor-lightbox-title=\"Saturday Vigil Mass Liturgic Group\" data-e-action-hash=\"#elementor-action%3Aaction%3Dlightbox%26settings%3DeyJpZCI6NTI0LCJ1cmwiOiJodHRwczpcL1wvc3RiZW5lZGljdG1pYW1pLm9yZ1wvd3AtY29udGVudFwvdXBsb2Fkc1wvMjAyM1wvMTFcL2ZvdG8tZ2FsZXJpYS0xNS53ZWJwIiwic2xpZGVzaG93IjoiM2RmYmRjZCJ9\" href='https:\/\/stbenedictmiami.org\/wp-content\/uploads\/2023\/11\/foto-galeria-15.webp'><img loading=\"lazy\" decoding=\"async\" width=\"1024\" height=\"576\" src=\"https:\/\/stbenedictmiami.org\/wp-content\/uploads\/2023\/11\/foto-galeria-15-1024x576.webp\" class=\"attachment-large size-large\" alt=\"\" srcset=\"https:\/\/stbenedictmiami.org\/wp-content\/uploads\/2023\/11\/foto-galeria-15-1024x576.webp 1024w, https:\/\/stbenedictmiami.org\/wp-content\/uploads\/2023\/11\/foto-galeria-15-300x169.webp 300w, https:\/\/stbenedictmiami.org\/wp-content\/uploads\/2023\/11\/foto-galeria-15-768x432.webp 768w, https:\/\/stbenedictmiami.org\/wp-content\/uploads\/2023\/11\/foto-galeria-15-1536x864.webp 1536w, https:\/\/stbenedictmiami.org\/wp-content\/uploads\/2023\/11\/foto-galeria-15-18x10.webp 18w, https:\/\/stbenedictmiami.org\/wp-content\/uploads\/2023\/11\/foto-galeria-15-600x338.webp 600w, https:\/\/stbenedictmiami.org\/wp-content\/uploads\/2023\/11\/foto-galeria-15.webp 2048w\" sizes=\"(max-width: 1024px) 100vw, 1024px\" \/><\/a>\n\t\t\t<\/div><\/figure><figure class='gallery-item'>\n\t\t\t<div class='gallery-icon landscape'>\n\t\t\t\t<a data-elementor-open-lightbox=\"yes\" data-elementor-lightbox-slideshow=\"3dfbdcd\" data-elementor-lightbox-title=\"Musicians\" data-e-action-hash=\"#elementor-action%3Aaction%3Dlightbox%26settings%3DeyJpZCI6NTE3LCJ1cmwiOiJodHRwczpcL1wvc3RiZW5lZGljdG1pYW1pLm9yZ1wvd3AtY29udGVudFwvdXBsb2Fkc1wvMjAyM1wvMTFcL2ZvdG8tZ2FsZXJpYS04LndlYnAiLCJzbGlkZXNob3ciOiIzZGZiZGNkIn0%3D\" href='https:\/\/stbenedictmiami.org\/wp-content\/uploads\/2023\/11\/foto-galeria-8.webp'><img loading=\"lazy\" decoding=\"async\" width=\"1024\" height=\"576\" src=\"https:\/\/stbenedictmiami.org\/wp-content\/uploads\/2023\/11\/foto-galeria-8-1024x576.webp\" class=\"attachment-large size-large\" alt=\"\" srcset=\"https:\/\/stbenedictmiami.org\/wp-content\/uploads\/2023\/11\/foto-galeria-8-1024x576.webp 1024w, https:\/\/stbenedictmiami.org\/wp-content\/uploads\/2023\/11\/foto-galeria-8-300x169.webp 300w, https:\/\/stbenedictmiami.org\/wp-content\/uploads\/2023\/11\/foto-galeria-8-768x432.webp 768w, https:\/\/stbenedictmiami.org\/wp-content\/uploads\/2023\/11\/foto-galeria-8-1536x864.webp 1536w, https:\/\/stbenedictmiami.org\/wp-content\/uploads\/2023\/11\/foto-galeria-8-18x10.webp 18w, https:\/\/stbenedictmiami.org\/wp-content\/uploads\/2023\/11\/foto-galeria-8-600x338.webp 600w, https:\/\/stbenedictmiami.org\/wp-content\/uploads\/2023\/11\/foto-galeria-8.webp 2048w\" sizes=\"(max-width: 1024px) 100vw, 1024px\" \/><\/a>\n\t\t\t<\/div><\/figure>\n\t\t<\/div>\n\t\t<\/div>\n\t\t\t\t\t\t<\/div>\n\t\t\t\t<\/div>\n\t\t\t\t\t<\/div>\n\t\t\t\t<\/div>\n\t\t\t\t\t<\/div>\n\t\t\t\t<\/div>\n\t\t<div class=\"elementor-element elementor-element-99251f7 e-con-full e-flex e-con e-parent\" data-id=\"99251f7\" data-element_type=\"container\" data-e-type=\"container\">\n\t\t<div class=\"elementor-element elementor-element-779a470 e-flex e-con-boxed e-con e-child\" data-id=\"779a470\" data-element_type=\"container\" data-e-type=\"container\">\n\t\t\t\t\t<div class=\"e-con-inner\">\n\t\t<div class=\"elementor-element elementor-element-b83e26a e-flex e-con-boxed e-con e-child\" data-id=\"b83e26a\" data-element_type=\"container\" data-e-type=\"container\">\n\t\t\t\t\t<div class=\"e-con-inner\">\n\t\t\t\t<div class=\"elementor-element elementor-element-614add5 elementor-widget elementor-widget-heading\" data-id=\"614add5\" data-element_type=\"widget\" data-e-type=\"widget\" data-widget_type=\"heading.default\">\n\t\t\t\t<div class=\"elementor-widget-container\">\n\t\t\t\t\t<h2 class=\"elementor-heading-title elementor-size-default\">Ministerios de m\u00fasicos<\/h2>\t\t\t\t<\/div>\n\t\t\t\t<\/div>\n\t\t\t\t\t<\/div>\n\t\t\t\t<\/div>\n\t\t\t\t<div class=\"elementor-element elementor-element-b1b44ad elementor-widget-divider--view-line elementor-widget elementor-widget-divider\" data-id=\"b1b44ad\" data-element_type=\"widget\" data-e-type=\"widget\" data-widget_type=\"divider.default\">\n\t\t\t\t<div class=\"elementor-widget-container\">\n\t\t\t\t\t\t\t<div class=\"elementor-divider\">\n\t\t\t<span class=\"elementor-divider-separator\">\n\t\t\t\t\t\t<\/span>\n\t\t<\/div>\n\t\t\t\t\t\t<\/div>\n\t\t\t\t<\/div>\n\t\t\t\t\t<\/div>\n\t\t\t\t<\/div>\n\t\t\t\t<\/div>\n\t\t<div class=\"elementor-element elementor-element-bb3d10a e-flex e-con-boxed e-con e-parent\" data-id=\"bb3d10a\" data-element_type=\"container\" data-e-type=\"container\">\n\t\t\t\t\t<div class=\"e-con-inner\">\n\t\t<div class=\"elementor-element elementor-element-120936d e-flex e-con-boxed e-con e-child\" data-id=\"120936d\" data-element_type=\"container\" data-e-type=\"container\">\n\t\t\t\t\t<div class=\"e-con-inner\">\n\t\t<div class=\"elementor-element elementor-element-aed8aaf e-flex e-con-boxed e-con e-child\" data-id=\"aed8aaf\" data-element_type=\"container\" data-e-type=\"container\">\n\t\t\t\t\t<div class=\"e-con-inner\">\n\t\t<div class=\"elementor-element elementor-element-4ed123e e-flex e-con-boxed e-con e-child\" data-id=\"4ed123e\" data-element_type=\"container\" data-e-type=\"container\">\n\t\t\t\t\t<div class=\"e-con-inner\">\n\t\t\t\t<div class=\"elementor-element elementor-element-ee3db21 gallery-spacing-custom elementor-widget elementor-widget-image-gallery\" data-id=\"ee3db21\" data-element_type=\"widget\" data-e-type=\"widget\" data-widget_type=\"image-gallery.default\">\n\t\t\t\t<div class=\"elementor-widget-container\">\n\t\t\t\t\t\t\t<div class=\"elementor-image-gallery\">\n\t\t\t<div id='gallery-2' class='gallery galleryid-908 gallery-columns-4 gallery-size-large'><figure class='gallery-item'>\n\t\t\t<div class='gallery-icon landscape'>\n\t\t\t\t<a data-elementor-open-lightbox=\"yes\" data-elementor-lightbox-slideshow=\"ee3db21\" data-elementor-lightbox-title=\"Sunday 7:00 pm Musicians\" data-e-action-hash=\"#elementor-action%3Aaction%3Dlightbox%26settings%3DeyJpZCI6NTE4LCJ1cmwiOiJodHRwczpcL1wvc3RiZW5lZGljdG1pYW1pLm9yZ1wvd3AtY29udGVudFwvdXBsb2Fkc1wvMjAyM1wvMTFcL2ZvdG8tZ2FsZXJpYS05LWUxNzAxNTQ5MTQwODg0LndlYnAiLCJzbGlkZXNob3ciOiJlZTNkYjIxIn0%3D\" href='https:\/\/stbenedictmiami.org\/wp-content\/uploads\/2023\/11\/foto-galeria-9-e1701549140884.webp'><img loading=\"lazy\" decoding=\"async\" width=\"576\" height=\"576\" src=\"https:\/\/stbenedictmiami.org\/wp-content\/uploads\/2023\/11\/foto-galeria-9-e1701549140884.webp\" class=\"attachment-large size-large\" alt=\"\" srcset=\"https:\/\/stbenedictmiami.org\/wp-content\/uploads\/2023\/11\/foto-galeria-9-e1701549140884.webp 576w, https:\/\/stbenedictmiami.org\/wp-content\/uploads\/2023\/11\/foto-galeria-9-e1701549140884-300x300.webp 300w, https:\/\/stbenedictmiami.org\/wp-content\/uploads\/2023\/11\/foto-galeria-9-e1701549140884-150x150.webp 150w, https:\/\/stbenedictmiami.org\/wp-content\/uploads\/2023\/11\/foto-galeria-9-e1701549140884-12x12.webp 12w, https:\/\/stbenedictmiami.org\/wp-content\/uploads\/2023\/11\/foto-galeria-9-e1701549140884-100x100.webp 100w\" sizes=\"(max-width: 576px) 100vw, 576px\" \/><\/a>\n\t\t\t<\/div><\/figure><figure class='gallery-item'>\n\t\t\t<div class='gallery-icon landscape'>\n\t\t\t\t<a data-elementor-open-lightbox=\"yes\" data-elementor-lightbox-slideshow=\"ee3db21\" data-elementor-lightbox-title=\"Sunday Masses Musicians\" data-e-action-hash=\"#elementor-action%3Aaction%3Dlightbox%26settings%3DeyJpZCI6NTIxLCJ1cmwiOiJodHRwczpcL1wvc3RiZW5lZGljdG1pYW1pLm9yZ1wvd3AtY29udGVudFwvdXBsb2Fkc1wvMjAyM1wvMTFcL2ZvdG8tZ2FsZXJpYS0xMi1lMTcwMTU0OTI4OTM0Ny53ZWJwIiwic2xpZGVzaG93IjoiZWUzZGIyMSJ9\" href='https:\/\/stbenedictmiami.org\/wp-content\/uploads\/2023\/11\/foto-galeria-12-e1701549289347.webp'><img loading=\"lazy\" decoding=\"async\" width=\"768\" height=\"768\" src=\"https:\/\/stbenedictmiami.org\/wp-content\/uploads\/2023\/11\/foto-galeria-12-e1701549289347.webp\" class=\"attachment-large size-large\" alt=\"\" srcset=\"https:\/\/stbenedictmiami.org\/wp-content\/uploads\/2023\/11\/foto-galeria-12-e1701549289347.webp 768w, https:\/\/stbenedictmiami.org\/wp-content\/uploads\/2023\/11\/foto-galeria-12-e1701549289347-300x300.webp 300w, https:\/\/stbenedictmiami.org\/wp-content\/uploads\/2023\/11\/foto-galeria-12-e1701549289347-150x150.webp 150w, https:\/\/stbenedictmiami.org\/wp-content\/uploads\/2023\/11\/foto-galeria-12-e1701549289347-12x12.webp 12w, https:\/\/stbenedictmiami.org\/wp-content\/uploads\/2023\/11\/foto-galeria-12-e1701549289347-600x600.webp 600w, https:\/\/stbenedictmiami.org\/wp-content\/uploads\/2023\/11\/foto-galeria-12-e1701549289347-100x100.webp 100w\" sizes=\"(max-width: 768px) 100vw, 768px\" \/><\/a>\n\t\t\t<\/div><\/figure><figure class='gallery-item'>\n\t\t\t<div class='gallery-icon landscape'>\n\t\t\t\t<a data-elementor-open-lightbox=\"yes\" data-elementor-lightbox-slideshow=\"ee3db21\" data-elementor-lightbox-title=\"Saturday Mass Musicians\" data-e-action-hash=\"#elementor-action%3Aaction%3Dlightbox%26settings%3DeyJpZCI6NTIwLCJ1cmwiOiJodHRwczpcL1wvc3RiZW5lZGljdG1pYW1pLm9yZ1wvd3AtY29udGVudFwvdXBsb2Fkc1wvMjAyM1wvMTFcL2ZvdG8tZ2FsZXJpYS0xMS1lMTcwMTU0OTI0OTI4Ny53ZWJwIiwic2xpZGVzaG93IjoiZWUzZGIyMSJ9\" href='https:\/\/stbenedictmiami.org\/wp-content\/uploads\/2023\/11\/foto-galeria-11-e1701549249287.webp'><img loading=\"lazy\" decoding=\"async\" width=\"1024\" height=\"1024\" src=\"https:\/\/stbenedictmiami.org\/wp-content\/uploads\/2023\/11\/foto-galeria-11-e1701549249287-1024x1024.webp\" class=\"attachment-large size-large\" alt=\"\" srcset=\"https:\/\/stbenedictmiami.org\/wp-content\/uploads\/2023\/11\/foto-galeria-11-e1701549249287-1024x1024.webp 1024w, https:\/\/stbenedictmiami.org\/wp-content\/uploads\/2023\/11\/foto-galeria-11-e1701549249287-300x300.webp 300w, https:\/\/stbenedictmiami.org\/wp-content\/uploads\/2023\/11\/foto-galeria-11-e1701549249287-150x150.webp 150w, https:\/\/stbenedictmiami.org\/wp-content\/uploads\/2023\/11\/foto-galeria-11-e1701549249287-768x768.webp 768w, https:\/\/stbenedictmiami.org\/wp-content\/uploads\/2023\/11\/foto-galeria-11-e1701549249287-12x12.webp 12w, https:\/\/stbenedictmiami.org\/wp-content\/uploads\/2023\/11\/foto-galeria-11-e1701549249287-600x600.webp 600w, https:\/\/stbenedictmiami.org\/wp-content\/uploads\/2023\/11\/foto-galeria-11-e1701549249287-100x100.webp 100w, https:\/\/stbenedictmiami.org\/wp-content\/uploads\/2023\/11\/foto-galeria-11-e1701549249287.webp 1200w\" sizes=\"(max-width: 1024px) 100vw, 1024px\" \/><\/a>\n\t\t\t<\/div><\/figure><figure class='gallery-item'>\n\t\t\t<div class='gallery-icon landscape'>\n\t\t\t\t<a data-elementor-open-lightbox=\"yes\" data-elementor-lightbox-slideshow=\"ee3db21\" data-elementor-lightbox-title=\"foto-galeria-10\" data-e-action-hash=\"#elementor-action%3Aaction%3Dlightbox%26settings%3DeyJpZCI6NTE5LCJ1cmwiOiJodHRwczpcL1wvc3RiZW5lZGljdG1pYW1pLm9yZ1wvd3AtY29udGVudFwvdXBsb2Fkc1wvMjAyM1wvMTFcL2ZvdG8tZ2FsZXJpYS0xMC1lMTcwMTU0OTE3MjI3NS53ZWJwIiwic2xpZGVzaG93IjoiZWUzZGIyMSJ9\" href='https:\/\/stbenedictmiami.org\/wp-content\/uploads\/2023\/11\/foto-galeria-10-e1701549172275.webp'><img loading=\"lazy\" decoding=\"async\" width=\"1024\" height=\"1024\" src=\"https:\/\/stbenedictmiami.org\/wp-content\/uploads\/2023\/11\/foto-galeria-10-e1701549172275-1024x1024.webp\" class=\"attachment-large size-large\" alt=\"\" srcset=\"https:\/\/stbenedictmiami.org\/wp-content\/uploads\/2023\/11\/foto-galeria-10-e1701549172275-1024x1024.webp 1024w, https:\/\/stbenedictmiami.org\/wp-content\/uploads\/2023\/11\/foto-galeria-10-e1701549172275-300x300.webp 300w, https:\/\/stbenedictmiami.org\/wp-content\/uploads\/2023\/11\/foto-galeria-10-e1701549172275-150x150.webp 150w, https:\/\/stbenedictmiami.org\/wp-content\/uploads\/2023\/11\/foto-galeria-10-e1701549172275-768x768.webp 768w, https:\/\/stbenedictmiami.org\/wp-content\/uploads\/2023\/11\/foto-galeria-10-e1701549172275-12x12.webp 12w, https:\/\/stbenedictmiami.org\/wp-content\/uploads\/2023\/11\/foto-galeria-10-e1701549172275-600x600.webp 600w, https:\/\/stbenedictmiami.org\/wp-content\/uploads\/2023\/11\/foto-galeria-10-e1701549172275-100x100.webp 100w, https:\/\/stbenedictmiami.org\/wp-content\/uploads\/2023\/11\/foto-galeria-10-e1701549172275.webp 1200w\" sizes=\"(max-width: 1024px) 100vw, 1024px\" \/><\/a>\n\t\t\t<\/div><\/figure><figure class='gallery-item'>\n\t\t\t<div class='gallery-icon landscape'>\n\t\t\t\t<a data-elementor-open-lightbox=\"yes\" data-elementor-lightbox-slideshow=\"ee3db21\" data-elementor-lightbox-title=\"Musicians\" data-e-action-hash=\"#elementor-action%3Aaction%3Dlightbox%26settings%3DeyJpZCI6NTI1LCJ1cmwiOiJodHRwczpcL1wvc3RiZW5lZGljdG1pYW1pLm9yZ1wvd3AtY29udGVudFwvdXBsb2Fkc1wvMjAyM1wvMTFcL2ZvdG8tZ2FsZXJpYS0xNi1zY2FsZWQtZTE3MDE1NDk0ODAzOTIud2VicCIsInNsaWRlc2hvdyI6ImVlM2RiMjEifQ%3D%3D\" href='https:\/\/stbenedictmiami.org\/wp-content\/uploads\/2023\/11\/foto-galeria-16-scaled-e1701549480392.webp'><img loading=\"lazy\" decoding=\"async\" width=\"1024\" height=\"1024\" src=\"https:\/\/stbenedictmiami.org\/wp-content\/uploads\/2023\/11\/foto-galeria-16-scaled-e1701549480392-1024x1024.webp\" class=\"attachment-large size-large\" alt=\"\" srcset=\"https:\/\/stbenedictmiami.org\/wp-content\/uploads\/2023\/11\/foto-galeria-16-scaled-e1701549480392-1024x1024.webp 1024w, https:\/\/stbenedictmiami.org\/wp-content\/uploads\/2023\/11\/foto-galeria-16-scaled-e1701549480392-300x300.webp 300w, https:\/\/stbenedictmiami.org\/wp-content\/uploads\/2023\/11\/foto-galeria-16-scaled-e1701549480392-150x150.webp 150w, https:\/\/stbenedictmiami.org\/wp-content\/uploads\/2023\/11\/foto-galeria-16-scaled-e1701549480392-768x768.webp 768w, https:\/\/stbenedictmiami.org\/wp-content\/uploads\/2023\/11\/foto-galeria-16-scaled-e1701549480392-1536x1536.webp 1536w, https:\/\/stbenedictmiami.org\/wp-content\/uploads\/2023\/11\/foto-galeria-16-scaled-e1701549480392-12x12.webp 12w, https:\/\/stbenedictmiami.org\/wp-content\/uploads\/2023\/11\/foto-galeria-16-scaled-e1701549480392-600x600.webp 600w, https:\/\/stbenedictmiami.org\/wp-content\/uploads\/2023\/11\/foto-galeria-16-scaled-e1701549480392-100x100.webp 100w, https:\/\/stbenedictmiami.org\/wp-content\/uploads\/2023\/11\/foto-galeria-16-scaled-e1701549480392.webp 1920w\" sizes=\"(max-width: 1024px) 100vw, 1024px\" \/><\/a>\n\t\t\t<\/div><\/figure><figure class='gallery-item'>\n\t\t\t<div class='gallery-icon landscape'>\n\t\t\t\t<a data-elementor-open-lightbox=\"yes\" data-elementor-lightbox-slideshow=\"ee3db21\" data-elementor-lightbox-title=\"Musicians\" data-e-action-hash=\"#elementor-action%3Aaction%3Dlightbox%26settings%3DeyJpZCI6NTE3LCJ1cmwiOiJodHRwczpcL1wvc3RiZW5lZGljdG1pYW1pLm9yZ1wvd3AtY29udGVudFwvdXBsb2Fkc1wvMjAyM1wvMTFcL2ZvdG8tZ2FsZXJpYS04LndlYnAiLCJzbGlkZXNob3ciOiJlZTNkYjIxIn0%3D\" href='https:\/\/stbenedictmiami.org\/wp-content\/uploads\/2023\/11\/foto-galeria-8.webp'><img loading=\"lazy\" decoding=\"async\" width=\"1024\" height=\"576\" src=\"https:\/\/stbenedictmiami.org\/wp-content\/uploads\/2023\/11\/foto-galeria-8-1024x576.webp\" class=\"attachment-large size-large\" alt=\"\" srcset=\"https:\/\/stbenedictmiami.org\/wp-content\/uploads\/2023\/11\/foto-galeria-8-1024x576.webp 1024w, https:\/\/stbenedictmiami.org\/wp-content\/uploads\/2023\/11\/foto-galeria-8-300x169.webp 300w, https:\/\/stbenedictmiami.org\/wp-content\/uploads\/2023\/11\/foto-galeria-8-768x432.webp 768w, https:\/\/stbenedictmiami.org\/wp-content\/uploads\/2023\/11\/foto-galeria-8-1536x864.webp 1536w, https:\/\/stbenedictmiami.org\/wp-content\/uploads\/2023\/11\/foto-galeria-8-18x10.webp 18w, https:\/\/stbenedictmiami.org\/wp-content\/uploads\/2023\/11\/foto-galeria-8-600x338.webp 600w, https:\/\/stbenedictmiami.org\/wp-content\/uploads\/2023\/11\/foto-galeria-8.webp 2048w\" sizes=\"(max-width: 1024px) 100vw, 1024px\" \/><\/a>\n\t\t\t<\/div><\/figure>\n\t\t<\/div>\n\t\t<\/div>\n\t\t\t\t\t\t<\/div>\n\t\t\t\t<\/div>\n\t\t\t\t\t<\/div>\n\t\t\t\t<\/div>\n\t\t\t\t\t<\/div>\n\t\t\t\t<\/div>\n\t\t\t\t\t<\/div>\n\t\t\t\t<\/div>\n\t\t\t\t\t<\/div>\n\t\t\t\t<\/div>\n\t\t\t\t<\/div>","protected":false},"excerpt":{"rendered":"<p>Groups and Ministries Ministries ALTAR SERVERS The Ministry of Altar Servers includes children and young people interested in serving the Lord during weekend liturgies. Along with assisting the priests, Altar Servers participate fully in the mass; through prayer, singing, and their respect for the Word of God. Candidates are required to have received the Sacrament [&hellip;]<\/p>\n","protected":false},"author":1,"featured_media":0,"parent":0,"menu_order":0,"comment_status":"closed","ping_status":"closed","template":"","meta":{"_coblocks_attr":"","_coblocks_dimensions":"","_coblocks_responsive_height":"","_coblocks_accordion_ie_support":"","site-sidebar-layout":"no-sidebar","site-content-layout":"","ast-site-content-layout":"full-width-container","site-content-style":"default","site-sidebar-style":"default","ast-global-header-display":"","ast-banner-title-visibility":"","ast-main-header-display":"","ast-hfb-above-header-display":"","ast-hfb-below-header-display":"","ast-hfb-mobile-header-display":"","site-post-title":"disabled","ast-breadcrumbs-content":"","ast-featured-img":"disabled","footer-sml-layout":"","ast-disable-related-posts":"","theme-transparent-header-meta":"","adv-header-id-meta":"","stick-header-meta":"","header-above-stick-meta":"","header-main-stick-meta":"","header-below-stick-meta":"","astra-migrate-meta-layouts":"default","ast-page-background-enabled":"default","ast-page-background-meta":{"desktop":{"background-color":"var(--ast-global-color-4)","background-image":"","background-repeat":"repeat","background-position":"center center","background-size":"auto","background-attachment":"scroll","background-type":"","background-media":"","overlay-type":"","overlay-color":"","overlay-opacity":"","overlay-gradient":""},"tablet":{"background-color":"","background-image":"","background-repeat":"repeat","background-position":"center center","background-size":"auto","background-attachment":"scroll","background-type":"","background-media":"","overlay-type":"","overlay-color":"","overlay-opacity":"","overlay-gradient":""},"mobile":{"background-color":"","background-image":"","background-repeat":"repeat","background-position":"center center","background-size":"auto","background-attachment":"scroll","background-type":"","background-media":"","overlay-type":"","overlay-color":"","overlay-opacity":"","overlay-gradient":""}},"ast-content-background-meta":{"desktop":{"background-color":"var(--ast-global-color-5)","background-image":"","background-repeat":"repeat","background-position":"center center","background-size":"auto","background-attachment":"scroll","background-type":"","background-media":"","overlay-type":"","overlay-color":"","overlay-opacity":"","overlay-gradient":""},"tablet":{"background-color":"var(--ast-global-color-5)","background-image":"","background-repeat":"repeat","background-position":"center center","background-size":"auto","background-attachment":"scroll","background-type":"","background-media":"","overlay-type":"","overlay-color":"","overlay-opacity":"","overlay-gradient":""},"mobile":{"background-color":"var(--ast-global-color-5)","background-image":"","background-repeat":"repeat","background-position":"center center","background-size":"auto","background-attachment":"scroll","background-type":"","background-media":"","overlay-type":"","overlay-color":"","overlay-opacity":"","overlay-gradient":""}},"_joinchat":[],"footnotes":""},"class_list":["post-908","page","type-page","status-publish","hentry"],"yoast_head":"<!-- This site is optimized with the Yoast SEO plugin v27.5 - https:\/\/yoast.com\/product\/yoast-seo-wordpress\/ -->\n<title>GROUPS AND MINISTRIES -<\/title>\n<meta name=\"robots\" content=\"index, follow, max-snippet:-1, max-image-preview:large, max-video-preview:-1\" \/>\n<link rel=\"canonical\" href=\"https:\/\/stbenedictmiami.org\/es\/groups-and-ministeries\/\" \/>\n<meta property=\"og:locale\" content=\"es_ES\" \/>\n<meta property=\"og:type\" content=\"article\" \/>\n<meta property=\"og:title\" content=\"GROUPS AND MINISTRIES -\" \/>\n<meta property=\"og:description\" content=\"Groups and Ministries Ministries ALTAR SERVERS The Ministry of Altar Servers includes children and young people interested in serving the Lord during weekend liturgies. Along with assisting the priests, Altar Servers participate fully in the mass; through prayer, singing, and their respect for the Word of God. Candidates are required to have received the Sacrament [&hellip;]\" \/>\n<meta property=\"og:url\" content=\"https:\/\/stbenedictmiami.org\/es\/groups-and-ministeries\/\" \/>\n<meta property=\"article:modified_time\" content=\"2024-04-28T03:19:45+00:00\" \/>\n<meta property=\"og:image\" content=\"https:\/\/stbenedictmiami.org\/wp-content\/uploads\/2023\/11\/foto-galeria-4-scaled-e1701548173132-1024x1024.webp\" \/>\n<meta name=\"twitter:card\" content=\"summary_large_image\" \/>\n<meta name=\"twitter:label1\" content=\"Tiempo de lectura\" \/>\n\t<meta name=\"twitter:data1\" content=\"9 minutos\" \/>\n<script type=\"application\/ld+json\" class=\"yoast-schema-graph\">{\"@context\":\"https:\\\/\\\/schema.org\",\"@graph\":[{\"@type\":\"WebPage\",\"@id\":\"https:\\\/\\\/stbenedictmiami.org\\\/groups-and-ministeries\\\/\",\"url\":\"https:\\\/\\\/stbenedictmiami.org\\\/groups-and-ministeries\\\/\",\"name\":\"GROUPS AND MINISTRIES -\",\"isPartOf\":{\"@id\":\"https:\\\/\\\/stbenedictmiami.org\\\/#website\"},\"primaryImageOfPage\":{\"@id\":\"https:\\\/\\\/stbenedictmiami.org\\\/groups-and-ministeries\\\/#primaryimage\"},\"image\":{\"@id\":\"https:\\\/\\\/stbenedictmiami.org\\\/groups-and-ministeries\\\/#primaryimage\"},\"thumbnailUrl\":\"https:\\\/\\\/stbenedictmiami.org\\\/wp-content\\\/uploads\\\/2023\\\/11\\\/foto-galeria-4-scaled-e1701548173132-1024x1024.webp\",\"datePublished\":\"2023-12-03T20:20:29+00:00\",\"dateModified\":\"2024-04-28T03:19:45+00:00\",\"breadcrumb\":{\"@id\":\"https:\\\/\\\/stbenedictmiami.org\\\/groups-and-ministeries\\\/#breadcrumb\"},\"inLanguage\":\"es\",\"potentialAction\":[{\"@type\":\"ReadAction\",\"target\":[\"https:\\\/\\\/stbenedictmiami.org\\\/groups-and-ministeries\\\/\"]}]},{\"@type\":\"ImageObject\",\"inLanguage\":\"es\",\"@id\":\"https:\\\/\\\/stbenedictmiami.org\\\/groups-and-ministeries\\\/#primaryimage\",\"url\":\"https:\\\/\\\/stbenedictmiami.org\\\/wp-content\\\/uploads\\\/2023\\\/11\\\/foto-galeria-4-scaled-e1701548173132-1024x1024.webp\",\"contentUrl\":\"https:\\\/\\\/stbenedictmiami.org\\\/wp-content\\\/uploads\\\/2023\\\/11\\\/foto-galeria-4-scaled-e1701548173132-1024x1024.webp\"},{\"@type\":\"BreadcrumbList\",\"@id\":\"https:\\\/\\\/stbenedictmiami.org\\\/groups-and-ministeries\\\/#breadcrumb\",\"itemListElement\":[{\"@type\":\"ListItem\",\"position\":1,\"name\":\"Portada\",\"item\":\"https:\\\/\\\/stbenedictmiami.org\\\/\"},{\"@type\":\"ListItem\",\"position\":2,\"name\":\"GROUPS AND MINISTRIES\"}]},{\"@type\":\"WebSite\",\"@id\":\"https:\\\/\\\/stbenedictmiami.org\\\/#website\",\"url\":\"https:\\\/\\\/stbenedictmiami.org\\\/\",\"name\":\"\",\"description\":\"\",\"potentialAction\":[{\"@type\":\"SearchAction\",\"target\":{\"@type\":\"EntryPoint\",\"urlTemplate\":\"https:\\\/\\\/stbenedictmiami.org\\\/?s={search_term_string}\"},\"query-input\":{\"@type\":\"PropertyValueSpecification\",\"valueRequired\":true,\"valueName\":\"search_term_string\"}}],\"inLanguage\":\"es\"}]}<\/script>\n<!-- \/ Yoast SEO plugin. -->","yoast_head_json":{"title":"GROUPS AND MINISTRIES -","robots":{"index":"index","follow":"follow","max-snippet":"max-snippet:-1","max-image-preview":"max-image-preview:large","max-video-preview":"max-video-preview:-1"},"canonical":"https:\/\/stbenedictmiami.org\/es\/groups-and-ministeries\/","og_locale":"es_ES","og_type":"article","og_title":"GROUPS AND MINISTRIES -","og_description":"Groups and Ministries Ministries ALTAR SERVERS The Ministry of Altar Servers includes children and young people interested in serving the Lord during weekend liturgies. Along with assisting the priests, Altar Servers participate fully in the mass; through prayer, singing, and their respect for the Word of God. Candidates are required to have received the Sacrament [&hellip;]","og_url":"https:\/\/stbenedictmiami.org\/es\/groups-and-ministeries\/","article_modified_time":"2024-04-28T03:19:45+00:00","og_image":[{"url":"https:\/\/stbenedictmiami.org\/wp-content\/uploads\/2023\/11\/foto-galeria-4-scaled-e1701548173132-1024x1024.webp","type":"","width":"","height":""}],"twitter_card":"summary_large_image","twitter_misc":{"Tiempo de lectura":"9 minutos"},"schema":{"@context":"https:\/\/schema.org","@graph":[{"@type":"WebPage","@id":"https:\/\/stbenedictmiami.org\/groups-and-ministeries\/","url":"https:\/\/stbenedictmiami.org\/groups-and-ministeries\/","name":"GROUPS AND MINISTRIES -","isPartOf":{"@id":"https:\/\/stbenedictmiami.org\/#website"},"primaryImageOfPage":{"@id":"https:\/\/stbenedictmiami.org\/groups-and-ministeries\/#primaryimage"},"image":{"@id":"https:\/\/stbenedictmiami.org\/groups-and-ministeries\/#primaryimage"},"thumbnailUrl":"https:\/\/stbenedictmiami.org\/wp-content\/uploads\/2023\/11\/foto-galeria-4-scaled-e1701548173132-1024x1024.webp","datePublished":"2023-12-03T20:20:29+00:00","dateModified":"2024-04-28T03:19:45+00:00","breadcrumb":{"@id":"https:\/\/stbenedictmiami.org\/groups-and-ministeries\/#breadcrumb"},"inLanguage":"es","potentialAction":[{"@type":"ReadAction","target":["https:\/\/stbenedictmiami.org\/groups-and-ministeries\/"]}]},{"@type":"ImageObject","inLanguage":"es","@id":"https:\/\/stbenedictmiami.org\/groups-and-ministeries\/#primaryimage","url":"https:\/\/stbenedictmiami.org\/wp-content\/uploads\/2023\/11\/foto-galeria-4-scaled-e1701548173132-1024x1024.webp","contentUrl":"https:\/\/stbenedictmiami.org\/wp-content\/uploads\/2023\/11\/foto-galeria-4-scaled-e1701548173132-1024x1024.webp"},{"@type":"BreadcrumbList","@id":"https:\/\/stbenedictmiami.org\/groups-and-ministeries\/#breadcrumb","itemListElement":[{"@type":"ListItem","position":1,"name":"Portada","item":"https:\/\/stbenedictmiami.org\/"},{"@type":"ListItem","position":2,"name":"GROUPS AND MINISTRIES"}]},{"@type":"WebSite","@id":"https:\/\/stbenedictmiami.org\/#website","url":"https:\/\/stbenedictmiami.org\/","name":"","description":"","potentialAction":[{"@type":"SearchAction","target":{"@type":"EntryPoint","urlTemplate":"https:\/\/stbenedictmiami.org\/?s={search_term_string}"},"query-input":{"@type":"PropertyValueSpecification","valueRequired":true,"valueName":"search_term_string"}}],"inLanguage":"es"}]}},"_links":{"self":[{"href":"https:\/\/stbenedictmiami.org\/es\/wp-json\/wp\/v2\/pages\/908","targetHints":{"allow":["GET"]}}],"collection":[{"href":"https:\/\/stbenedictmiami.org\/es\/wp-json\/wp\/v2\/pages"}],"about":[{"href":"https:\/\/stbenedictmiami.org\/es\/wp-json\/wp\/v2\/types\/page"}],"author":[{"embeddable":true,"href":"https:\/\/stbenedictmiami.org\/es\/wp-json\/wp\/v2\/users\/1"}],"replies":[{"embeddable":true,"href":"https:\/\/stbenedictmiami.org\/es\/wp-json\/wp\/v2\/comments?post=908"}],"version-history":[{"count":83,"href":"https:\/\/stbenedictmiami.org\/es\/wp-json\/wp\/v2\/pages\/908\/revisions"}],"predecessor-version":[{"id":1883,"href":"https:\/\/stbenedictmiami.org\/es\/wp-json\/wp\/v2\/pages\/908\/revisions\/1883"}],"wp:attachment":[{"href":"https:\/\/stbenedictmiami.org\/es\/wp-json\/wp\/v2\/media?parent=908"}],"curies":[{"name":"wp","href":"https:\/\/api.w.org\/{rel}","templated":true}]}}