{"id":296,"date":"2023-11-01T09:47:57","date_gmt":"2023-11-01T09:47:57","guid":{"rendered":"https:\/\/stbenedictmiami.org\/?page_id=296"},"modified":"2024-04-29T01:23:44","modified_gmt":"2024-04-29T01:23:44","slug":"funeral-mass","status":"publish","type":"page","link":"https:\/\/stbenedictmiami.org\/es\/funeral-mass\/","title":{"rendered":"MISA FUNERAL"},"content":{"rendered":"<div data-elementor-type=\"wp-page\" data-elementor-id=\"296\" class=\"elementor elementor-296\">\n\t\t\t\t<div class=\"elementor-element elementor-element-d7680e2 e-con-full e-flex e-con e-parent\" data-id=\"d7680e2\" data-element_type=\"container\" data-e-type=\"container\">\n\t\t<div class=\"elementor-element elementor-element-26bb815 e-con-full e-flex e-con e-child\" data-id=\"26bb815\" data-element_type=\"container\" data-e-type=\"container\">\n\t\t\t\t<div class=\"elementor-element elementor-element-5441d8a elementor-widget elementor-widget-heading\" data-id=\"5441d8a\" data-element_type=\"widget\" data-e-type=\"widget\" data-widget_type=\"heading.default\">\n\t\t\t\t<div class=\"elementor-widget-container\">\n\t\t\t\t\t<h1 class=\"elementor-heading-title elementor-size-default\">Misa f\u00fanebre<\/h1>\t\t\t\t<\/div>\n\t\t\t\t<\/div>\n\t\t\t\t<div class=\"elementor-element elementor-element-71f2e35 elementor-widget elementor-widget-text-editor\" data-id=\"71f2e35\" data-element_type=\"widget\" data-e-type=\"widget\" data-widget_type=\"text-editor.default\">\n\t\t\t\t<div class=\"elementor-widget-container\">\n\t\t\t\t\t\t\t\t\t\u201cMientras vivimos, vivimos para el Se\u00f1or, y cuando morimos, morimos para el Se\u00f1or: y as\u00ed, vivos o muertos, somos del Se\u00f1or\u201d<br><br>\n\n<strong>Rom 14:8<\/strong>\t\t\t\t\t\t\t\t<\/div>\n\t\t\t\t<\/div>\n\t\t\t\t<\/div>\n\t\t<div class=\"elementor-element elementor-element-27d24ba e-con-full e-flex e-con e-child\" data-id=\"27d24ba\" data-element_type=\"container\" data-e-type=\"container\">\n\t\t\t\t<div class=\"elementor-element elementor-element-c5cb5c6 elementor-widget elementor-widget-image\" data-id=\"c5cb5c6\" data-element_type=\"widget\" data-e-type=\"widget\" data-widget_type=\"image.default\">\n\t\t\t\t<div class=\"elementor-widget-container\">\n\t\t\t\t\t\t\t\t\t\t\t\t\t\t\t<img fetchpriority=\"high\" decoding=\"async\" width=\"908\" height=\"623\" src=\"https:\/\/stbenedictmiami.org\/wp-content\/uploads\/2023\/12\/imagen-funeral-mass.webp\" class=\"attachment-large size-large wp-image-1365\" alt=\"\" srcset=\"https:\/\/stbenedictmiami.org\/wp-content\/uploads\/2023\/12\/imagen-funeral-mass.webp 908w, https:\/\/stbenedictmiami.org\/wp-content\/uploads\/2023\/12\/imagen-funeral-mass-300x206.webp 300w, https:\/\/stbenedictmiami.org\/wp-content\/uploads\/2023\/12\/imagen-funeral-mass-768x527.webp 768w, https:\/\/stbenedictmiami.org\/wp-content\/uploads\/2023\/12\/imagen-funeral-mass-18x12.webp 18w, https:\/\/stbenedictmiami.org\/wp-content\/uploads\/2023\/12\/imagen-funeral-mass-600x412.webp 600w\" sizes=\"(max-width: 908px) 100vw, 908px\" \/>\t\t\t\t\t\t\t\t\t\t\t\t\t\t\t<\/div>\n\t\t\t\t<\/div>\n\t\t\t\t<\/div>\n\t\t\t\t<\/div>\n\t\t<div class=\"elementor-element elementor-element-8ca6bbb e-con-full e-flex e-con e-parent\" data-id=\"8ca6bbb\" data-element_type=\"container\" data-e-type=\"container\" data-settings=\"{&quot;background_background&quot;:&quot;classic&quot;}\">\n\t\t\t\t<div class=\"elementor-element elementor-element-545336d elementor-widget elementor-widget-text-editor\" data-id=\"545336d\" data-element_type=\"widget\" data-e-type=\"widget\" data-widget_type=\"text-editor.default\">\n\t\t\t\t<div class=\"elementor-widget-container\">\n\t\t\t\t\t\t\t\t\t<p>Oramos con su familia por la salvaci\u00f3n de su ser querido y ayudamos a sus familiares y amigos a pasar del dolor a una fe m\u00e1s profunda en la resurrecci\u00f3n.<\/p>\t\t\t\t\t\t\t\t<\/div>\n\t\t\t\t<\/div>\n\t\t\t\t<\/div>\n\t\t<div class=\"elementor-element elementor-element-008d697 e-flex e-con-boxed e-con e-parent\" data-id=\"008d697\" data-element_type=\"container\" data-e-type=\"container\">\n\t\t\t\t\t<div class=\"e-con-inner\">\n\t\t\t\t<div class=\"elementor-element elementor-element-a4f6940 elementor-widget elementor-widget-text-editor\" data-id=\"a4f6940\" data-element_type=\"widget\" data-e-type=\"widget\" data-widget_type=\"text-editor.default\">\n\t\t\t\t<div class=\"elementor-widget-container\">\n\t\t\t\t\t\t\t\t\t<p>A continuaci\u00f3n se detallan los pasos para organizar una misa de funeral en nuestra iglesia.<\/p>\t\t\t\t\t\t\t\t<\/div>\n\t\t\t\t<\/div>\n\t\t\t\t<div class=\"elementor-element elementor-element-1fa7045 elementor-widget-divider--view-line elementor-widget elementor-widget-divider\" data-id=\"1fa7045\" data-element_type=\"widget\" data-e-type=\"widget\" data-widget_type=\"divider.default\">\n\t\t\t\t<div class=\"elementor-widget-container\">\n\t\t\t\t\t\t\t<div class=\"elementor-divider\">\n\t\t\t<span class=\"elementor-divider-separator\">\n\t\t\t\t\t\t<\/span>\n\t\t<\/div>\n\t\t\t\t\t\t<\/div>\n\t\t\t\t<\/div>\n\t\t\t\t\t<\/div>\n\t\t\t\t<\/div>\n\t\t<div class=\"elementor-element elementor-element-be64b3d e-con-full e-flex e-con e-parent\" data-id=\"be64b3d\" data-element_type=\"container\" data-e-type=\"container\">\n\t\t<div class=\"elementor-element elementor-element-bca4ebf e-con-full e-flex e-con e-child\" data-id=\"bca4ebf\" data-element_type=\"container\" data-e-type=\"container\" data-settings=\"{&quot;background_background&quot;:&quot;classic&quot;}\">\n\t\t\t\t<div class=\"elementor-element elementor-element-533d21d elementor-widget elementor-widget-text-editor\" data-id=\"533d21d\" data-element_type=\"widget\" data-e-type=\"widget\" data-widget_type=\"text-editor.default\">\n\t\t\t\t<div class=\"elementor-widget-container\">\n\t\t\t\t\t\t\t\t\t<ol><li class=\"p1\">La Misa Funeral se har\u00e1 con el cuerpo presente o las cenizas del difunto.<\/li><li><p class=\"p1\"><span style=\"color: #ad8f63; font-weight: bold;\">Reserva una fecha. <\/span>Reserva la fecha: Acuda a nuestra oficina para notificar su solicitud. Te guiamos con las cosas que debes hacer antes de la Misa. Esta es una misa privada; Siempre damos a nuestras familias la oportunidad de elegir las 2 lecturas para la misa.<\/p><\/li><li><p class=\"p1\"><span style=\"color: #ad8f63; font-weight: bold;\">M\u00fasica:<\/span> Puede coordinar m\u00fasica con nuestro Ministerio de M\u00fasica a trav\u00e9s de la oficina.<\/p><\/li><li><p class=\"p1\"><span style=\"color: #ad8f63; font-weight: bold;\">Fotograf\u00eda:<\/span> Puede traer una fotograf\u00eda enmarcada de su difunto. Tenemos un caballete o una mesa peque\u00f1a donde podemos apoyarlo bien en el altar.<\/p><\/li><li><p class=\"p1\"><span style=\"color: #ad8f63; font-weight: bold;\">Transmisi\u00f3n en vivo: <\/span>Ofrecemos transmisi\u00f3n en vivo. Este servicio tiene un fee. Por favor coord\u00ednelo por la Oficina.<\/p><\/li><\/ol>\t\t\t\t\t\t\t\t<\/div>\n\t\t\t\t<\/div>\n\t\t\t\t<\/div>\n\t\t\t\t<\/div>\n\t\t<div class=\"elementor-element elementor-element-3803bd9 elementor-hidden-desktop elementor-hidden-tablet elementor-hidden-mobile e-flex e-con-boxed e-con e-parent\" data-id=\"3803bd9\" data-element_type=\"container\" data-e-type=\"container\">\n\t\t\t\t\t<div class=\"e-con-inner\">\n\t\t<div class=\"elementor-element elementor-element-3ac558a e-con-full e-flex e-con e-child\" data-id=\"3ac558a\" data-element_type=\"container\" data-e-type=\"container\" data-settings=\"{&quot;background_background&quot;:&quot;classic&quot;}\">\n\t\t\t\t<div class=\"elementor-element elementor-element-5c9660b elementor-widget elementor-widget-text-editor\" data-id=\"5c9660b\" data-element_type=\"widget\" data-e-type=\"widget\" data-widget_type=\"text-editor.default\">\n\t\t\t\t<div class=\"elementor-widget-container\">\n\t\t\t\t\t\t\t\t\t<p style=\"color: #ad8f63;\"><strong>Reserva una fecha. <\/strong><span style=\"font-size: 16px; color: #8A8989;\">Reserva la fecha: Acuda a nuestra oficina para notificar su solicitud. Te guiamos con las cosas que debes hacer antes de la Misa. Esta es una misa privada; Siempre damos a nuestras familias la oportunidad de elegir las 2 lecturas para la misa.<\/span><\/p>\t\t\t\t\t\t\t\t<\/div>\n\t\t\t\t<\/div>\n\t\t\t\t<\/div>\n\t\t<div class=\"elementor-element elementor-element-1d15bef e-con-full e-flex e-con e-child\" data-id=\"1d15bef\" data-element_type=\"container\" data-e-type=\"container\" data-settings=\"{&quot;background_background&quot;:&quot;classic&quot;}\">\n\t\t\t\t<div class=\"elementor-element elementor-element-e37c1b4 elementor-widget elementor-widget-text-editor\" data-id=\"e37c1b4\" data-element_type=\"widget\" data-e-type=\"widget\" data-widget_type=\"text-editor.default\">\n\t\t\t\t<div class=\"elementor-widget-container\">\n\t\t\t\t\t\t\t\t\t<span style=\"color: #ad8f63;\"><b>Imagen.<\/b> <span style=\"color: #8A8989;\">Puede traer una fotograf\u00eda enmarcada de su difunto. Tenemos un caballete o una mesa peque\u00f1a donde podemos apoyarlo bien en el altar.<\/b><\/span>\t\t\t\t\t\t\t\t<\/div>\n\t\t\t\t<\/div>\n\t\t\t\t<\/div>\n\t\t\t\t\t<\/div>\n\t\t\t\t<\/div>\n\t\t<div class=\"elementor-element elementor-element-e5732db elementor-hidden-desktop elementor-hidden-tablet elementor-hidden-mobile e-flex e-con-boxed e-con e-parent\" data-id=\"e5732db\" data-element_type=\"container\" data-e-type=\"container\">\n\t\t\t\t\t<div class=\"e-con-inner\">\n\t\t<div class=\"elementor-element elementor-element-01aa3f3 e-con-full e-flex e-con e-child\" data-id=\"01aa3f3\" data-element_type=\"container\" data-e-type=\"container\" data-settings=\"{&quot;background_background&quot;:&quot;classic&quot;}\">\n\t\t\t\t<div class=\"elementor-element elementor-element-fa933e3 elementor-widget elementor-widget-text-editor\" data-id=\"fa933e3\" data-element_type=\"widget\" data-e-type=\"widget\" data-widget_type=\"text-editor.default\">\n\t\t\t\t<div class=\"elementor-widget-container\">\n\t\t\t\t\t\t\t\t\t<p style=\"color: #ad8f63;\"><strong>Misa f\u00fanebre<\/strong> <span style=\"font-size: 16px; color: #8a8989;\">will be with ashes or casket.<\/span><\/p>\t\t\t\t\t\t\t\t<\/div>\n\t\t\t\t<\/div>\n\t\t\t\t<\/div>\n\t\t<div class=\"elementor-element elementor-element-687df32 e-con-full e-flex e-con e-child\" data-id=\"687df32\" data-element_type=\"container\" data-e-type=\"container\" data-settings=\"{&quot;background_background&quot;:&quot;classic&quot;}\">\n\t\t\t\t<div class=\"elementor-element elementor-element-de33b69 elementor-widget elementor-widget-text-editor\" data-id=\"de33b69\" data-element_type=\"widget\" data-e-type=\"widget\" data-widget_type=\"text-editor.default\">\n\t\t\t\t<div class=\"elementor-widget-container\">\n\t\t\t\t\t\t\t\t\t<p style=\"color: #ad8f63;\"><strong>M\u00fasica.<\/strong> <span style=\"font-size: 16px; color: #8a8989;\">Puede coordinar m\u00fasica con nuestro Ministerio de M\u00fasica a trav\u00e9s de la oficina.<\/span><\/p>\t\t\t\t\t\t\t\t<\/div>\n\t\t\t\t<\/div>\n\t\t\t\t<\/div>\n\t\t<div class=\"elementor-element elementor-element-cb667ef e-con-full e-flex e-con e-child\" data-id=\"cb667ef\" data-element_type=\"container\" data-e-type=\"container\" data-settings=\"{&quot;background_background&quot;:&quot;classic&quot;}\">\n\t\t\t\t<div class=\"elementor-element elementor-element-a0dc616 elementor-widget elementor-widget-text-editor\" data-id=\"a0dc616\" data-element_type=\"widget\" data-e-type=\"widget\" data-widget_type=\"text-editor.default\">\n\t\t\t\t<div class=\"elementor-widget-container\">\n\t\t\t\t\t\t\t\t\t<p style=\"color: #ad8f63;\"><strong>Transmisi\u00f3n en vivo.<\/strong> <span style=\"font-size: 16px; color: #8A8989;\">Ofrecemos un servicio de transmisi\u00f3n en vivo por una tarifa en efectivo. Coordinar a trav\u00e9s de la oficina.<\/span><\/p>\t\t\t\t\t\t\t\t<\/div>\n\t\t\t\t<\/div>\n\t\t\t\t<\/div>\n\t\t\t\t\t<\/div>\n\t\t\t\t<\/div>\n\t\t<div class=\"elementor-element elementor-element-f8e20cf e-flex e-con-boxed e-con e-parent\" data-id=\"f8e20cf\" data-element_type=\"container\" data-e-type=\"container\">\n\t\t\t\t\t<div class=\"e-con-inner\">\n\t\t\t\t<div class=\"elementor-element elementor-element-66eb8f5 elementor-widget elementor-widget-heading\" data-id=\"66eb8f5\" data-element_type=\"widget\" data-e-type=\"widget\" data-widget_type=\"heading.default\">\n\t\t\t\t<div class=\"elementor-widget-container\">\n\t\t\t\t\t<h4 class=\"elementor-heading-title elementor-size-default\">Nosotros le apoyamos con todos los detalles y respondemos cualquier pregunta que usted pueda\ntener.<\/h4>\t\t\t\t<\/div>\n\t\t\t\t<\/div>\n\t\t\t\t\t<\/div>\n\t\t\t\t<\/div>\n\t\t<div class=\"elementor-element elementor-element-05ae300 e-flex e-con-boxed e-con e-parent\" data-id=\"05ae300\" data-element_type=\"container\" data-e-type=\"container\">\n\t\t\t\t\t<div class=\"e-con-inner\">\n\t\t\t\t<div class=\"elementor-element elementor-element-2a1aeea elementor-widget elementor-widget-spacer\" data-id=\"2a1aeea\" data-element_type=\"widget\" data-e-type=\"widget\" data-widget_type=\"spacer.default\">\n\t\t\t\t<div class=\"elementor-widget-container\">\n\t\t\t\t\t\t\t<div class=\"elementor-spacer\">\n\t\t\t<div class=\"elementor-spacer-inner\"><\/div>\n\t\t<\/div>\n\t\t\t\t\t\t<\/div>\n\t\t\t\t<\/div>\n\t\t\t\t\t<\/div>\n\t\t\t\t<\/div>\n\t\t\t\t<\/div>","protected":false},"excerpt":{"rendered":"<p>Funeral Mass \u201cWhile we are alive, we are living for the Lord, and when we die, we die for the Lord: and so, alive or dead, we belong to the Lord\u201d Rom 14,8 We pray with your family for the salvation of your loved one and help lead your family and friends from grief to [&hellip;]<\/p>\n","protected":false},"author":1,"featured_media":0,"parent":0,"menu_order":0,"comment_status":"closed","ping_status":"closed","template":"","meta":{"_coblocks_attr":"","_coblocks_dimensions":"","_coblocks_responsive_height":"","_coblocks_accordion_ie_support":"","site-sidebar-layout":"no-sidebar","site-content-layout":"","ast-site-content-layout":"full-width-container","site-content-style":"default","site-sidebar-style":"default","ast-global-header-display":"","ast-banner-title-visibility":"","ast-main-header-display":"","ast-hfb-above-header-display":"","ast-hfb-below-header-display":"","ast-hfb-mobile-header-display":"","site-post-title":"disabled","ast-breadcrumbs-content":"","ast-featured-img":"disabled","footer-sml-layout":"","ast-disable-related-posts":"","theme-transparent-header-meta":"","adv-header-id-meta":"","stick-header-meta":"","header-above-stick-meta":"","header-main-stick-meta":"","header-below-stick-meta":"","astra-migrate-meta-layouts":"default","ast-page-background-enabled":"default","ast-page-background-meta":{"desktop":{"background-color":"var(--ast-global-color-4)","background-image":"","background-repeat":"repeat","background-position":"center center","background-size":"auto","background-attachment":"scroll","background-type":"","background-media":"","overlay-type":"","overlay-color":"","overlay-opacity":"","overlay-gradient":""},"tablet":{"background-color":"","background-image":"","background-repeat":"repeat","background-position":"center center","background-size":"auto","background-attachment":"scroll","background-type":"","background-media":"","overlay-type":"","overlay-color":"","overlay-opacity":"","overlay-gradient":""},"mobile":{"background-color":"","background-image":"","background-repeat":"repeat","background-position":"center center","background-size":"auto","background-attachment":"scroll","background-type":"","background-media":"","overlay-type":"","overlay-color":"","overlay-opacity":"","overlay-gradient":""}},"ast-content-background-meta":{"desktop":{"background-color":"var(--ast-global-color-5)","background-image":"","background-repeat":"repeat","background-position":"center center","background-size":"auto","background-attachment":"scroll","background-type":"","background-media":"","overlay-type":"","overlay-color":"","overlay-opacity":"","overlay-gradient":""},"tablet":{"background-color":"var(--ast-global-color-5)","background-image":"","background-repeat":"repeat","background-position":"center center","background-size":"auto","background-attachment":"scroll","background-type":"","background-media":"","overlay-type":"","overlay-color":"","overlay-opacity":"","overlay-gradient":""},"mobile":{"background-color":"var(--ast-global-color-5)","background-image":"","background-repeat":"repeat","background-position":"center center","background-size":"auto","background-attachment":"scroll","background-type":"","background-media":"","overlay-type":"","overlay-color":"","overlay-opacity":"","overlay-gradient":""}},"_joinchat":[],"footnotes":""},"class_list":["post-296","page","type-page","status-publish","hentry"],"yoast_head":"<!-- This site is optimized with the Yoast SEO plugin v27.5 - https:\/\/yoast.com\/product\/yoast-seo-wordpress\/ -->\n<title>FUNERAL MASS -<\/title>\n<meta name=\"robots\" content=\"index, follow, max-snippet:-1, max-image-preview:large, max-video-preview:-1\" \/>\n<link rel=\"canonical\" href=\"https:\/\/stbenedictmiami.org\/es\/funeral-mass\/\" \/>\n<meta property=\"og:locale\" content=\"es_ES\" \/>\n<meta property=\"og:type\" content=\"article\" \/>\n<meta property=\"og:title\" content=\"FUNERAL MASS -\" \/>\n<meta property=\"og:description\" content=\"Funeral Mass \u201cWhile we are alive, we are living for the Lord, and when we die, we die for the Lord: and so, alive or dead, we belong to the Lord\u201d Rom 14,8 We pray with your family for the salvation of your loved one and help lead your family and friends from grief to [&hellip;]\" \/>\n<meta property=\"og:url\" content=\"https:\/\/stbenedictmiami.org\/es\/funeral-mass\/\" \/>\n<meta property=\"article:modified_time\" content=\"2024-04-29T01:23:44+00:00\" \/>\n<meta property=\"og:image\" content=\"https:\/\/stbenedictmiami.org\/wp-content\/uploads\/2023\/12\/imagen-funeral-mass.webp\" \/>\n<meta name=\"twitter:card\" content=\"summary_large_image\" \/>\n<meta name=\"twitter:label1\" content=\"Tiempo de lectura\" \/>\n\t<meta name=\"twitter:data1\" content=\"2 minutos\" \/>\n<script type=\"application\/ld+json\" class=\"yoast-schema-graph\">{\"@context\":\"https:\\\/\\\/schema.org\",\"@graph\":[{\"@type\":\"WebPage\",\"@id\":\"https:\\\/\\\/stbenedictmiami.org\\\/funeral-mass\\\/\",\"url\":\"https:\\\/\\\/stbenedictmiami.org\\\/funeral-mass\\\/\",\"name\":\"FUNERAL MASS -\",\"isPartOf\":{\"@id\":\"https:\\\/\\\/stbenedictmiami.org\\\/#website\"},\"primaryImageOfPage\":{\"@id\":\"https:\\\/\\\/stbenedictmiami.org\\\/funeral-mass\\\/#primaryimage\"},\"image\":{\"@id\":\"https:\\\/\\\/stbenedictmiami.org\\\/funeral-mass\\\/#primaryimage\"},\"thumbnailUrl\":\"https:\\\/\\\/stbenedictmiami.org\\\/wp-content\\\/uploads\\\/2023\\\/12\\\/imagen-funeral-mass.webp\",\"datePublished\":\"2023-11-01T09:47:57+00:00\",\"dateModified\":\"2024-04-29T01:23:44+00:00\",\"breadcrumb\":{\"@id\":\"https:\\\/\\\/stbenedictmiami.org\\\/funeral-mass\\\/#breadcrumb\"},\"inLanguage\":\"es\",\"potentialAction\":[{\"@type\":\"ReadAction\",\"target\":[\"https:\\\/\\\/stbenedictmiami.org\\\/funeral-mass\\\/\"]}]},{\"@type\":\"ImageObject\",\"inLanguage\":\"es\",\"@id\":\"https:\\\/\\\/stbenedictmiami.org\\\/funeral-mass\\\/#primaryimage\",\"url\":\"https:\\\/\\\/stbenedictmiami.org\\\/wp-content\\\/uploads\\\/2023\\\/12\\\/imagen-funeral-mass.webp\",\"contentUrl\":\"https:\\\/\\\/stbenedictmiami.org\\\/wp-content\\\/uploads\\\/2023\\\/12\\\/imagen-funeral-mass.webp\"},{\"@type\":\"BreadcrumbList\",\"@id\":\"https:\\\/\\\/stbenedictmiami.org\\\/funeral-mass\\\/#breadcrumb\",\"itemListElement\":[{\"@type\":\"ListItem\",\"position\":1,\"name\":\"Portada\",\"item\":\"https:\\\/\\\/stbenedictmiami.org\\\/\"},{\"@type\":\"ListItem\",\"position\":2,\"name\":\"FUNERAL MASS\"}]},{\"@type\":\"WebSite\",\"@id\":\"https:\\\/\\\/stbenedictmiami.org\\\/#website\",\"url\":\"https:\\\/\\\/stbenedictmiami.org\\\/\",\"name\":\"\",\"description\":\"\",\"potentialAction\":[{\"@type\":\"SearchAction\",\"target\":{\"@type\":\"EntryPoint\",\"urlTemplate\":\"https:\\\/\\\/stbenedictmiami.org\\\/?s={search_term_string}\"},\"query-input\":{\"@type\":\"PropertyValueSpecification\",\"valueRequired\":true,\"valueName\":\"search_term_string\"}}],\"inLanguage\":\"es\"}]}<\/script>\n<!-- \/ Yoast SEO plugin. -->","yoast_head_json":{"title":"FUNERAL MASS -","robots":{"index":"index","follow":"follow","max-snippet":"max-snippet:-1","max-image-preview":"max-image-preview:large","max-video-preview":"max-video-preview:-1"},"canonical":"https:\/\/stbenedictmiami.org\/es\/funeral-mass\/","og_locale":"es_ES","og_type":"article","og_title":"FUNERAL MASS -","og_description":"Funeral Mass \u201cWhile we are alive, we are living for the Lord, and when we die, we die for the Lord: and so, alive or dead, we belong to the Lord\u201d Rom 14,8 We pray with your family for the salvation of your loved one and help lead your family and friends from grief to [&hellip;]","og_url":"https:\/\/stbenedictmiami.org\/es\/funeral-mass\/","article_modified_time":"2024-04-29T01:23:44+00:00","og_image":[{"url":"https:\/\/stbenedictmiami.org\/wp-content\/uploads\/2023\/12\/imagen-funeral-mass.webp","type":"","width":"","height":""}],"twitter_card":"summary_large_image","twitter_misc":{"Tiempo de lectura":"2 minutos"},"schema":{"@context":"https:\/\/schema.org","@graph":[{"@type":"WebPage","@id":"https:\/\/stbenedictmiami.org\/funeral-mass\/","url":"https:\/\/stbenedictmiami.org\/funeral-mass\/","name":"FUNERAL MASS -","isPartOf":{"@id":"https:\/\/stbenedictmiami.org\/#website"},"primaryImageOfPage":{"@id":"https:\/\/stbenedictmiami.org\/funeral-mass\/#primaryimage"},"image":{"@id":"https:\/\/stbenedictmiami.org\/funeral-mass\/#primaryimage"},"thumbnailUrl":"https:\/\/stbenedictmiami.org\/wp-content\/uploads\/2023\/12\/imagen-funeral-mass.webp","datePublished":"2023-11-01T09:47:57+00:00","dateModified":"2024-04-29T01:23:44+00:00","breadcrumb":{"@id":"https:\/\/stbenedictmiami.org\/funeral-mass\/#breadcrumb"},"inLanguage":"es","potentialAction":[{"@type":"ReadAction","target":["https:\/\/stbenedictmiami.org\/funeral-mass\/"]}]},{"@type":"ImageObject","inLanguage":"es","@id":"https:\/\/stbenedictmiami.org\/funeral-mass\/#primaryimage","url":"https:\/\/stbenedictmiami.org\/wp-content\/uploads\/2023\/12\/imagen-funeral-mass.webp","contentUrl":"https:\/\/stbenedictmiami.org\/wp-content\/uploads\/2023\/12\/imagen-funeral-mass.webp"},{"@type":"BreadcrumbList","@id":"https:\/\/stbenedictmiami.org\/funeral-mass\/#breadcrumb","itemListElement":[{"@type":"ListItem","position":1,"name":"Portada","item":"https:\/\/stbenedictmiami.org\/"},{"@type":"ListItem","position":2,"name":"FUNERAL MASS"}]},{"@type":"WebSite","@id":"https:\/\/stbenedictmiami.org\/#website","url":"https:\/\/stbenedictmiami.org\/","name":"","description":"","potentialAction":[{"@type":"SearchAction","target":{"@type":"EntryPoint","urlTemplate":"https:\/\/stbenedictmiami.org\/?s={search_term_string}"},"query-input":{"@type":"PropertyValueSpecification","valueRequired":true,"valueName":"search_term_string"}}],"inLanguage":"es"}]}},"_links":{"self":[{"href":"https:\/\/stbenedictmiami.org\/es\/wp-json\/wp\/v2\/pages\/296","targetHints":{"allow":["GET"]}}],"collection":[{"href":"https:\/\/stbenedictmiami.org\/es\/wp-json\/wp\/v2\/pages"}],"about":[{"href":"https:\/\/stbenedictmiami.org\/es\/wp-json\/wp\/v2\/types\/page"}],"author":[{"embeddable":true,"href":"https:\/\/stbenedictmiami.org\/es\/wp-json\/wp\/v2\/users\/1"}],"replies":[{"embeddable":true,"href":"https:\/\/stbenedictmiami.org\/es\/wp-json\/wp\/v2\/comments?post=296"}],"version-history":[{"count":49,"href":"https:\/\/stbenedictmiami.org\/es\/wp-json\/wp\/v2\/pages\/296\/revisions"}],"predecessor-version":[{"id":1904,"href":"https:\/\/stbenedictmiami.org\/es\/wp-json\/wp\/v2\/pages\/296\/revisions\/1904"}],"wp:attachment":[{"href":"https:\/\/stbenedictmiami.org\/es\/wp-json\/wp\/v2\/media?parent=296"}],"curies":[{"name":"wp","href":"https:\/\/api.w.org\/{rel}","templated":true}]}}