{"id":229,"date":"2023-11-01T00:57:42","date_gmt":"2023-11-01T00:57:42","guid":{"rendered":"https:\/\/stbenedictmiami.org\/?page_id=229"},"modified":"2025-06-28T00:01:35","modified_gmt":"2025-06-28T00:01:35","slug":"religious-education","status":"publish","type":"page","link":"https:\/\/stbenedictmiami.org\/es\/religious-education\/","title":{"rendered":"EDUCACI\u00d3N RELIGIOSA"},"content":{"rendered":"<div data-elementor-type=\"wp-page\" data-elementor-id=\"229\" class=\"elementor elementor-229\">\n\t\t\t\t<div class=\"elementor-element elementor-element-45d37f1 e-flex e-con-boxed e-con e-parent\" data-id=\"45d37f1\" data-element_type=\"container\" data-e-type=\"container\">\n\t\t\t\t\t<div class=\"e-con-inner\">\n\t\t<div class=\"elementor-element elementor-element-0ece89c e-flex e-con-boxed e-con e-child\" data-id=\"0ece89c\" data-element_type=\"container\" data-e-type=\"container\">\n\t\t\t\t\t<div class=\"e-con-inner\">\n\t\t\t\t<div class=\"elementor-element elementor-element-e40ac35 elementor-widget elementor-widget-heading\" data-id=\"e40ac35\" data-element_type=\"widget\" data-e-type=\"widget\" data-widget_type=\"heading.default\">\n\t\t\t\t<div class=\"elementor-widget-container\">\n\t\t\t\t\t<h1 class=\"elementor-heading-title elementor-size-default\">Programa de Educaci\u00f3n Religiosa<\/h1>\t\t\t\t<\/div>\n\t\t\t\t<\/div>\n\t\t\t\t\t<\/div>\n\t\t\t\t<\/div>\n\t\t\t\t\t<\/div>\n\t\t\t\t<\/div>\n\t\t<div class=\"elementor-element elementor-element-34ed440 e-con-full e-flex e-con e-parent\" data-id=\"34ed440\" data-element_type=\"container\" data-e-type=\"container\">\n\t\t<div class=\"elementor-element elementor-element-8920ac3 e-flex e-con-boxed e-con e-child\" data-id=\"8920ac3\" data-element_type=\"container\" data-e-type=\"container\">\n\t\t\t\t\t<div class=\"e-con-inner\">\n\t\t\t\t<div class=\"elementor-element elementor-element-6c1de28 elementor-widget elementor-widget-heading\" data-id=\"6c1de28\" data-element_type=\"widget\" data-e-type=\"widget\" data-widget_type=\"heading.default\">\n\t\t\t\t<div class=\"elementor-widget-container\">\n\t\t\t\t\t<h2 class=\"elementor-heading-title elementor-size-default\">Ni\u00f1os y adolescentes<\/h2>\t\t\t\t<\/div>\n\t\t\t\t<\/div>\n\t\t\t\t<div class=\"elementor-element elementor-element-0cbe965 elementor-widget-divider--view-line elementor-widget elementor-widget-divider\" data-id=\"0cbe965\" data-element_type=\"widget\" data-e-type=\"widget\" data-widget_type=\"divider.default\">\n\t\t\t\t<div class=\"elementor-widget-container\">\n\t\t\t\t\t\t\t<div class=\"elementor-divider\">\n\t\t\t<span class=\"elementor-divider-separator\">\n\t\t\t\t\t\t<\/span>\n\t\t<\/div>\n\t\t\t\t\t\t<\/div>\n\t\t\t\t<\/div>\n\t\t\t\t\t<\/div>\n\t\t\t\t<\/div>\n\t\t\t\t<\/div>\n\t\t<div class=\"elementor-element elementor-element-98161e0 e-con-full e-flex e-con e-parent\" data-id=\"98161e0\" data-element_type=\"container\" data-e-type=\"container\" data-settings=\"{&quot;background_background&quot;:&quot;classic&quot;}\">\n\t\t<div class=\"elementor-element elementor-element-5ffd9aa e-con-full e-flex e-con e-child\" data-id=\"5ffd9aa\" data-element_type=\"container\" data-e-type=\"container\">\n\t\t\t\t<div class=\"elementor-element elementor-element-ccf1d55 elementor-widget elementor-widget-text-editor\" data-id=\"ccf1d55\" data-element_type=\"widget\" data-e-type=\"widget\" data-widget_type=\"text-editor.default\">\n\t\t\t\t<div class=\"elementor-widget-container\">\n\t\t\t\t\t\t\t\t\t<p class=\"p2\">La catequesis es el proceso a trav\u00e9s del cual los ni\u00f1os, j\u00f3venes y adultos de nuestra comunidad\ndescubren y comparten el misterio de su fe cristiana a trav\u00e9s de clases, reuniones y celebraciones en las\ncuales nos acercamos m\u00e1s a Jes\u00fas. La catequesis va m\u00e1s all\u00e1 de la preparaci\u00f3n para el Bautismo, la\nPrimera Comuni\u00f3n o la Confirmaci\u00f3n. Es todo un proceso que comienza en el hogar de cada ni\u00f1o, se\nhace m\u00e1s intenso en la preparaci\u00f3n para recibir los sacramentos, y contin\u00faa todos los a\u00f1os. Por eso le\ninvitamos a que, una vez sus hijos hagan la Primera Comuni\u00f3n, contin\u00faen en las clases de formaci\u00f3n y\ncrecimiento en la fe cada a\u00f1o.\nEs por eso, que invitamos a los padres a registrar a sus ni\u00f1os en el catecismo para que ellos completen\nsus sacramentos de iniciaci\u00f3n y con\udbc0\udd9fn\u00faen creciendo en la fe cat\u00f3lica.<\/p>\t\t\t\t\t\t\t\t<\/div>\n\t\t\t\t<\/div>\n\t\t\t\t<\/div>\n\t\t\t\t<\/div>\n\t\t<div class=\"elementor-element elementor-element-b2f8a8a e-con-full e-flex e-con e-parent\" data-id=\"b2f8a8a\" data-element_type=\"container\" data-e-type=\"container\">\n\t\t<div class=\"elementor-element elementor-element-25ac5eb e-con-full e-flex e-con e-child\" data-id=\"25ac5eb\" data-element_type=\"container\" data-e-type=\"container\">\n\t\t<div class=\"elementor-element elementor-element-94a7716 e-con-full e-flex e-con e-child\" data-id=\"94a7716\" data-element_type=\"container\" data-e-type=\"container\">\n\t\t\t\t<div class=\"elementor-element elementor-element-711beb9 elementor-widget elementor-widget-text-editor\" data-id=\"711beb9\" data-element_type=\"widget\" data-e-type=\"widget\" data-widget_type=\"text-editor.default\">\n\t\t\t\t<div class=\"elementor-widget-container\">\n\t\t\t\t\t\t\t\t\t<p><strong><span style=\"color: #ad8f63;\">El programa de educaci\u00f3n religiosa de St. Benedict ofrece formaci\u00f3n de fe continua y permanente para edades comprendidas entre los 7 y los 17 a\u00f1os (ni\u00f1os y adolescentes).<\/span><\/strong> Las normas Sacramentales de la\nArquidi\u00f3cesis de Miami establecen que los j\u00f3venes, que han sido bautizados cuando eran beb\u00e9s,\ndeben ser catequizados para la recepci\u00f3n de cualquier sacramento durante un per\u00edodo de al\nmenos dos a\u00f1os consecutivos.<\/p><ul><li style=\"list-style-type: none;\"><ul><li>Formaci\u00f3n en la fe de por vida para todas las edades (1\u00b0 a 11 \u00b0 grado)<\/li><li>Preparaci\u00f3n sacramental para los sacramentos de:<\/li><\/ul><\/li><\/ul><ul><li style=\"list-style-type: none;\"><ul><li style=\"list-style-type: none;\"><ul><li>Bautismo (ni\u00f1os de 7 a\u00f1os a 17 a\u00f1os)<\/li><li>Primera Reconciliaci\u00f3n y Primera Eucarist\u00eda (a partir de 7 a\u00f1os)<\/li><li>Confirmaci\u00f3n (a los 13 a\u00f1os)<\/li><\/ul><\/li><\/ul><p style=\"text-align: center;\"><br \/><strong>Los Programas Sacramentales de Educaci\u00f3n Religiosa comienzan: agosto a mayo.<\/strong><\/p><\/li><\/ul>\t\t\t\t\t\t\t\t<\/div>\n\t\t\t\t<\/div>\n\t\t\t\t<\/div>\n\t\t<div class=\"elementor-element elementor-element-de64daa e-con-full e-flex e-con e-child\" data-id=\"de64daa\" data-element_type=\"container\" data-e-type=\"container\">\n\t\t\t\t<div class=\"elementor-element elementor-element-4490a1e elementor-widget elementor-widget-image\" data-id=\"4490a1e\" data-element_type=\"widget\" data-e-type=\"widget\" data-widget_type=\"image.default\">\n\t\t\t\t<div class=\"elementor-widget-container\">\n\t\t\t\t\t\t\t\t\t\t\t\t\t\t\t<img fetchpriority=\"high\" decoding=\"async\" width=\"1024\" height=\"681\" src=\"https:\/\/stbenedictmiami.org\/wp-content\/uploads\/2023\/12\/educacion-religioso-1024x681.webp\" class=\"attachment-large size-large wp-image-1095\" alt=\"\" srcset=\"https:\/\/stbenedictmiami.org\/wp-content\/uploads\/2023\/12\/educacion-religioso-1024x681.webp 1024w, https:\/\/stbenedictmiami.org\/wp-content\/uploads\/2023\/12\/educacion-religioso-300x200.webp 300w, https:\/\/stbenedictmiami.org\/wp-content\/uploads\/2023\/12\/educacion-religioso-768x511.webp 768w, https:\/\/stbenedictmiami.org\/wp-content\/uploads\/2023\/12\/educacion-religioso-1536x1022.webp 1536w, https:\/\/stbenedictmiami.org\/wp-content\/uploads\/2023\/12\/educacion-religioso-18x12.webp 18w, https:\/\/stbenedictmiami.org\/wp-content\/uploads\/2023\/12\/educacion-religioso-600x399.webp 600w, https:\/\/stbenedictmiami.org\/wp-content\/uploads\/2023\/12\/educacion-religioso.webp 2000w\" sizes=\"(max-width: 1024px) 100vw, 1024px\" \/>\t\t\t\t\t\t\t\t\t\t\t\t\t\t\t<\/div>\n\t\t\t\t<\/div>\n\t\t\t\t<\/div>\n\t\t\t\t<\/div>\n\t\t\t\t<\/div>\n\t\t<div class=\"elementor-element elementor-element-1fc82d5 e-flex e-con-boxed e-con e-parent\" data-id=\"1fc82d5\" data-element_type=\"container\" data-e-type=\"container\">\n\t\t\t\t\t<div class=\"e-con-inner\">\n\t\t\t\t<div class=\"elementor-element elementor-element-3959e86 elementor-widget elementor-widget-heading\" data-id=\"3959e86\" data-element_type=\"widget\" data-e-type=\"widget\" data-widget_type=\"heading.default\">\n\t\t\t\t<div class=\"elementor-widget-container\">\n\t\t\t\t\t<h4 class=\"elementor-heading-title elementor-size-default\">Documentos necesarios en el registro<\/h4>\t\t\t\t<\/div>\n\t\t\t\t<\/div>\n\t\t\t\t\t<\/div>\n\t\t\t\t<\/div>\n\t\t<div class=\"elementor-element elementor-element-6b35ebd e-con-full e-flex e-con e-parent\" data-id=\"6b35ebd\" data-element_type=\"container\" data-e-type=\"container\">\n\t\t<div class=\"elementor-element elementor-element-f83ce1d e-con-full e-flex e-con e-child\" data-id=\"f83ce1d\" data-element_type=\"container\" data-e-type=\"container\">\n\t\t<div class=\"elementor-element elementor-element-4a8e39b e-con-full e-flex e-con e-child\" data-id=\"4a8e39b\" data-element_type=\"container\" data-e-type=\"container\" data-settings=\"{&quot;background_background&quot;:&quot;classic&quot;}\">\n\t\t\t\t<div class=\"elementor-element elementor-element-8672486 elementor-widget elementor-widget-image\" data-id=\"8672486\" data-element_type=\"widget\" data-e-type=\"widget\" data-widget_type=\"image.default\">\n\t\t\t\t<div class=\"elementor-widget-container\">\n\t\t\t\t\t\t\t\t\t\t\t\t\t\t\t<img decoding=\"async\" width=\"249\" height=\"287\" src=\"https:\/\/stbenedictmiami.org\/wp-content\/uploads\/2023\/11\/icono-adoracion.webp\" class=\"attachment-large size-large wp-image-327\" alt=\"\" \/>\t\t\t\t\t\t\t\t\t\t\t\t\t\t\t<\/div>\n\t\t\t\t<\/div>\n\t\t\t\t<div class=\"elementor-element elementor-element-8924cc8 elementor-widget elementor-widget-text-editor\" data-id=\"8924cc8\" data-element_type=\"widget\" data-e-type=\"widget\" data-widget_type=\"text-editor.default\">\n\t\t\t\t<div class=\"elementor-widget-container\">\n\t\t\t\t\t\t\t\t\t<p style=\"color: #ad8f63;\"><strong>Bautismo<\/strong><\/p><ul><li>Acta de Nacimiento \u2013 Copia<\/li><li>Formulario de Registraci\u00f3n CCD Completado<\/li><\/ul>\t\t\t\t\t\t\t\t<\/div>\n\t\t\t\t<\/div>\n\t\t\t\t<\/div>\n\t\t<div class=\"elementor-element elementor-element-35e0d27 e-con-full e-flex e-con e-child\" data-id=\"35e0d27\" data-element_type=\"container\" data-e-type=\"container\" data-settings=\"{&quot;background_background&quot;:&quot;classic&quot;}\">\n\t\t\t\t<div class=\"elementor-element elementor-element-eb83f4a elementor-widget elementor-widget-image\" data-id=\"eb83f4a\" data-element_type=\"widget\" data-e-type=\"widget\" data-widget_type=\"image.default\">\n\t\t\t\t<div class=\"elementor-widget-container\">\n\t\t\t\t\t\t\t\t\t\t\t\t\t\t\t<img decoding=\"async\" width=\"249\" height=\"287\" src=\"https:\/\/stbenedictmiami.org\/wp-content\/uploads\/2023\/11\/icono-adoracion.webp\" class=\"attachment-large size-large wp-image-327\" alt=\"\" \/>\t\t\t\t\t\t\t\t\t\t\t\t\t\t\t<\/div>\n\t\t\t\t<\/div>\n\t\t\t\t<div class=\"elementor-element elementor-element-f88ca64 elementor-widget elementor-widget-text-editor\" data-id=\"f88ca64\" data-element_type=\"widget\" data-e-type=\"widget\" data-widget_type=\"text-editor.default\">\n\t\t\t\t<div class=\"elementor-widget-container\">\n\t\t\t\t\t\t\t\t\t<p style=\"color: #ad8f63;\"><strong>Primera Eucarist\u00eda:<\/strong><\/p>\n\n<ul>\n \t<li>Acta de Nacimiento \u2013 Copia<\/li>\n \t<li>Certificado de Bautismo \u2013 Copia<\/li>\n<li>Formulario de Registraci\u00f3n CCD Completado<\/li>\n<li>Formulario de Registraci\u00f3n Primera Comuni\u00f3n<\/li>\n<\/ul>\t\t\t\t\t\t\t\t<\/div>\n\t\t\t\t<\/div>\n\t\t\t\t<\/div>\n\t\t<div class=\"elementor-element elementor-element-5042c28 e-con-full e-flex e-con e-child\" data-id=\"5042c28\" data-element_type=\"container\" data-e-type=\"container\" data-settings=\"{&quot;background_background&quot;:&quot;classic&quot;}\">\n\t\t\t\t<div class=\"elementor-element elementor-element-f59f30b elementor-widget elementor-widget-image\" data-id=\"f59f30b\" data-element_type=\"widget\" data-e-type=\"widget\" data-widget_type=\"image.default\">\n\t\t\t\t<div class=\"elementor-widget-container\">\n\t\t\t\t\t\t\t\t\t\t\t\t\t\t\t<img decoding=\"async\" width=\"249\" height=\"287\" src=\"https:\/\/stbenedictmiami.org\/wp-content\/uploads\/2023\/11\/icono-adoracion.webp\" class=\"attachment-large size-large wp-image-327\" alt=\"\" \/>\t\t\t\t\t\t\t\t\t\t\t\t\t\t\t<\/div>\n\t\t\t\t<\/div>\n\t\t\t\t<div class=\"elementor-element elementor-element-c73464c elementor-widget elementor-widget-text-editor\" data-id=\"c73464c\" data-element_type=\"widget\" data-e-type=\"widget\" data-widget_type=\"text-editor.default\">\n\t\t\t\t<div class=\"elementor-widget-container\">\n\t\t\t\t\t\t\t\t\t<p style=\"color: #ad8f63;\"><strong>Confirmaci\u00f3n:<\/strong><\/p><ul><li>Acta de Nacimiento \u2013 Copia<\/li><li>Certificado de Bautismo \u2013 Copia<\/li><li>Certificado de la Primera Eucarist\u00eda \u2013 Copia<\/li><li>Formulario de Registraci\u00f3n CCD Completado<\/li><li>Formulario de confirmaci\u00f3n de patrocinador<\/li><li>Certificado de confirmaci\u00f3n de patrocinador<\/li><\/ul>\t\t\t\t\t\t\t\t<\/div>\n\t\t\t\t<\/div>\n\t\t\t\t<\/div>\n\t\t\t\t<\/div>\n\t\t\t\t<\/div>\n\t\t<div class=\"elementor-element elementor-element-d78b705 e-flex e-con-boxed e-con e-parent\" data-id=\"d78b705\" data-element_type=\"container\" data-e-type=\"container\">\n\t\t\t\t\t<div class=\"e-con-inner\">\n\t\t\t\t<div class=\"elementor-element elementor-element-e7ef234 elementor-widget elementor-widget-heading\" data-id=\"e7ef234\" data-element_type=\"widget\" data-e-type=\"widget\" data-widget_type=\"heading.default\">\n\t\t\t\t<div class=\"elementor-widget-container\">\n\t\t\t\t\t<h4 class=\"elementor-heading-title elementor-size-default\">Horarios de clases<\/h4>\t\t\t\t<\/div>\n\t\t\t\t<\/div>\n\t\t\t\t\t<\/div>\n\t\t\t\t<\/div>\n\t\t<div class=\"elementor-element elementor-element-8d3d7a3 e-con-full e-flex e-con e-parent\" data-id=\"8d3d7a3\" data-element_type=\"container\" data-e-type=\"container\">\n\t\t<div class=\"elementor-element elementor-element-3675bcc e-con-full e-flex e-con e-child\" data-id=\"3675bcc\" data-element_type=\"container\" data-e-type=\"container\">\n\t\t<div class=\"elementor-element elementor-element-fc708a8 e-con-full e-flex e-con e-child\" data-id=\"fc708a8\" data-element_type=\"container\" data-e-type=\"container\" data-settings=\"{&quot;background_background&quot;:&quot;classic&quot;}\">\n\t\t\t\t<div class=\"elementor-element elementor-element-60f82ab elementor-widget elementor-widget-image\" data-id=\"60f82ab\" data-element_type=\"widget\" data-e-type=\"widget\" data-widget_type=\"image.default\">\n\t\t\t\t<div class=\"elementor-widget-container\">\n\t\t\t\t\t\t\t\t\t\t\t\t\t\t\t<img decoding=\"async\" width=\"249\" height=\"287\" src=\"https:\/\/stbenedictmiami.org\/wp-content\/uploads\/2023\/11\/icono-adoracion.webp\" class=\"attachment-large size-large wp-image-327\" alt=\"\" \/>\t\t\t\t\t\t\t\t\t\t\t\t\t\t\t<\/div>\n\t\t\t\t<\/div>\n\t\t\t\t<div class=\"elementor-element elementor-element-5943285 elementor-widget elementor-widget-text-editor\" data-id=\"5943285\" data-element_type=\"widget\" data-e-type=\"widget\" data-widget_type=\"text-editor.default\">\n\t\t\t\t<div class=\"elementor-widget-container\">\n\t\t\t\t\t\t\t\t\t<p style=\"color: #ad8f63;\"><strong>Domingos: <\/strong>8:30 am \u2013 9:45 am en el Centro Parroquial<\/p>\n\n<ul>\n \t<li>Infantil (1er grado (7 a\u00f1os) \u2013 10mo grado) \u2013 Bautismo<\/li>\n \t<li>Infantil (2\u00ba a 11\u00ba) 2\u00ba a\u00f1o de Primera Comuni\u00f3n<\/li>\n \t<li>Ni\u00f1os (3er grado \u2013 5to grado) \u2013 Formaci\u00f3n continua en la fe<\/li>\n \t<li>Adolescentes (8\u00ba grado \u2013 11\u00ba grado) Confirmaci\u00f3n de segundo a\u00f1o<\/li>\n<\/ul>\t\t\t\t\t\t\t\t<\/div>\n\t\t\t\t<\/div>\n\t\t\t\t<\/div>\n\t\t<div class=\"elementor-element elementor-element-9818013 e-con-full e-flex e-con e-child\" data-id=\"9818013\" data-element_type=\"container\" data-e-type=\"container\" data-settings=\"{&quot;background_background&quot;:&quot;classic&quot;}\">\n\t\t\t\t<div class=\"elementor-element elementor-element-9146733 elementor-widget elementor-widget-image\" data-id=\"9146733\" data-element_type=\"widget\" data-e-type=\"widget\" data-widget_type=\"image.default\">\n\t\t\t\t<div class=\"elementor-widget-container\">\n\t\t\t\t\t\t\t\t\t\t\t\t\t\t\t<img decoding=\"async\" width=\"249\" height=\"287\" src=\"https:\/\/stbenedictmiami.org\/wp-content\/uploads\/2023\/11\/icono-adoracion.webp\" class=\"attachment-large size-large wp-image-327\" alt=\"\" \/>\t\t\t\t\t\t\t\t\t\t\t\t\t\t\t<\/div>\n\t\t\t\t<\/div>\n\t\t\t\t<div class=\"elementor-element elementor-element-839613c elementor-widget elementor-widget-text-editor\" data-id=\"839613c\" data-element_type=\"widget\" data-e-type=\"widget\" data-widget_type=\"text-editor.default\">\n\t\t\t\t<div class=\"elementor-widget-container\">\n\t\t\t\t\t\t\t\t\t<p style=\"color: #ad8f63;\"><strong>Tuesdays: <\/strong>6:00 PM to 7:30 PM in the Parish Center<\/p><ul><li>Children\u2019s &amp; Teens (6th grade to 11th grade) Ongoing Faith Formation<\/li><li>Adolescentes (7\u00b0 grado \u2013 11\u00b0 grado) 1ra Confirmaci\u00f3n<\/li><\/ul>\t\t\t\t\t\t\t\t<\/div>\n\t\t\t\t<\/div>\n\t\t\t\t<\/div>\n\t\t<div class=\"elementor-element elementor-element-e44e7e7 e-con-full e-flex e-con e-child\" data-id=\"e44e7e7\" data-element_type=\"container\" data-e-type=\"container\" data-settings=\"{&quot;background_background&quot;:&quot;classic&quot;}\">\n\t\t\t\t<div class=\"elementor-element elementor-element-f070e2f elementor-widget elementor-widget-image\" data-id=\"f070e2f\" data-element_type=\"widget\" data-e-type=\"widget\" data-widget_type=\"image.default\">\n\t\t\t\t<div class=\"elementor-widget-container\">\n\t\t\t\t\t\t\t\t\t\t\t\t\t\t\t<img decoding=\"async\" width=\"249\" height=\"287\" src=\"https:\/\/stbenedictmiami.org\/wp-content\/uploads\/2023\/11\/icono-adoracion.webp\" class=\"attachment-large size-large wp-image-327\" alt=\"\" \/>\t\t\t\t\t\t\t\t\t\t\t\t\t\t\t<\/div>\n\t\t\t\t<\/div>\n\t\t\t\t<div class=\"elementor-element elementor-element-e5678c4 elementor-widget elementor-widget-text-editor\" data-id=\"e5678c4\" data-element_type=\"widget\" data-e-type=\"widget\" data-widget_type=\"text-editor.default\">\n\t\t\t\t<div class=\"elementor-widget-container\">\n\t\t\t\t\t\t\t\t\t<p style=\"color: #ad8f63;\"><strong>Mi\u00e9rcoles: <\/strong>5 pm \u2013 6:30 pm en el Centro Parroquial<\/p>\n\n<ul>\n \t<li>Infantil (1\u00ba a 5\u00ba) \u2013 1\u00aa Primera Comuni\u00f3n<\/li>\n \t<li>Ni\u00f1os (3er grado \u2013 5to grado) \u2013 Formaci\u00f3n continua en la fe<\/li>\n<\/ul>\t\t\t\t\t\t\t\t<\/div>\n\t\t\t\t<\/div>\n\t\t\t\t<\/div>\n\t\t\t\t<\/div>\n\t\t\t\t<\/div>\n\t\t<div class=\"elementor-element elementor-element-c9e4efa elementor-hidden-mobile e-flex e-con-boxed e-con e-parent\" data-id=\"c9e4efa\" data-element_type=\"container\" data-e-type=\"container\">\n\t\t\t\t\t<div class=\"e-con-inner\">\n\t\t\t\t<div class=\"elementor-element elementor-element-8c5e4a5 elementor-widget elementor-widget-heading\" data-id=\"8c5e4a5\" data-element_type=\"widget\" data-e-type=\"widget\" data-widget_type=\"heading.default\">\n\t\t\t\t<div class=\"elementor-widget-container\">\n\t\t\t\t\t<h4 class=\"elementor-heading-title elementor-size-default\">Contribuciones anuales a la CCD<\/h4>\t\t\t\t<\/div>\n\t\t\t\t<\/div>\n\t\t\t\t\t<\/div>\n\t\t\t\t<\/div>\n\t\t<div class=\"elementor-element elementor-element-19cd34a e-con-full elementor-hidden-mobile e-flex e-con e-parent\" data-id=\"19cd34a\" data-element_type=\"container\" data-e-type=\"container\">\n\t\t<div class=\"elementor-element elementor-element-10ee674 e-flex e-con-boxed e-con e-child\" data-id=\"10ee674\" data-element_type=\"container\" data-e-type=\"container\" data-settings=\"{&quot;background_background&quot;:&quot;classic&quot;}\">\n\t\t\t\t\t<div class=\"e-con-inner\">\n\t\t<div class=\"elementor-element elementor-element-377ca47 e-con-full e-flex e-con e-child\" data-id=\"377ca47\" data-element_type=\"container\" data-e-type=\"container\" data-settings=\"{&quot;background_background&quot;:&quot;classic&quot;}\">\n\t\t\t\t<div class=\"elementor-element elementor-element-35b7ac2 elementor-widget elementor-widget-text-editor\" data-id=\"35b7ac2\" data-element_type=\"widget\" data-e-type=\"widget\" data-widget_type=\"text-editor.default\">\n\t\t\t\t<div class=\"elementor-widget-container\">\n\t\t\t\t\t\t\t\t\t<p><strong><span style=\"color: #ad8f63;\">$175.00 <\/span><\/strong>(por 1 ni\u00f1o) contribuci\u00f3n anual (se puede dar en 1 o 5 partes)<\/p>\t\t\t\t\t\t\t\t<\/div>\n\t\t\t\t<\/div>\n\t\t\t\t<\/div>\n\t\t<div class=\"elementor-element elementor-element-b0603f6 e-con-full e-flex e-con e-child\" data-id=\"b0603f6\" data-element_type=\"container\" data-e-type=\"container\" data-settings=\"{&quot;background_background&quot;:&quot;classic&quot;}\">\n\t\t\t\t<div class=\"elementor-element elementor-element-28f57d5 elementor-widget elementor-widget-text-editor\" data-id=\"28f57d5\" data-element_type=\"widget\" data-e-type=\"widget\" data-widget_type=\"text-editor.default\">\n\t\t\t\t<div class=\"elementor-widget-container\">\n\t\t\t\t\t\t\t\t\t<p><strong><span style=\"color: #ad8f63;\">$300 <\/span><\/strong>(per 2 or more children) annual contribution<br \/>(can be given in 1 or 5 parts)<\/p>\t\t\t\t\t\t\t\t<\/div>\n\t\t\t\t<\/div>\n\t\t\t\t<\/div>\n\t\t<div class=\"elementor-element elementor-element-c33ee4b e-con-full e-flex e-con e-child\" data-id=\"c33ee4b\" data-element_type=\"container\" data-e-type=\"container\" data-settings=\"{&quot;background_background&quot;:&quot;classic&quot;}\">\n\t\t\t\t<div class=\"elementor-element elementor-element-b3e5f8b elementor-widget elementor-widget-text-editor\" data-id=\"b3e5f8b\" data-element_type=\"widget\" data-e-type=\"widget\" data-widget_type=\"text-editor.default\">\n\t\t\t\t<div class=\"elementor-widget-container\">\n\t\t\t\t\t\t\t\t\t<p style=\"text-align: center;\"><strong>A\u00f1o Sacramental (Primera Comuni\u00f3n y Confirmaci\u00f3n) adicional:<\/strong><\/p><p><strong><span style=\"color: #ad8f63;\">$60\u00a0<\/span><\/strong>(por familia) Aporte Anual<\/p>\t\t\t\t\t\t\t\t<\/div>\n\t\t\t\t<\/div>\n\t\t\t\t<\/div>\n\t\t\t\t\t<\/div>\n\t\t\t\t<\/div>\n\t\t<div class=\"elementor-element elementor-element-34be748 e-con-full e-flex e-con e-child\" data-id=\"34be748\" data-element_type=\"container\" data-e-type=\"container\" data-settings=\"{&quot;background_background&quot;:&quot;classic&quot;}\">\n\t\t<div class=\"elementor-element elementor-element-2b4da35 e-con-full e-flex e-con e-child\" data-id=\"2b4da35\" data-element_type=\"container\" data-e-type=\"container\">\n\t\t<div class=\"elementor-element elementor-element-47d198b e-con-full e-flex e-con e-child\" data-id=\"47d198b\" data-element_type=\"container\" data-e-type=\"container\">\n\t\t\t\t<div class=\"elementor-element elementor-element-e6fe7f1 elementor-widget elementor-widget-image\" data-id=\"e6fe7f1\" data-element_type=\"widget\" data-e-type=\"widget\" data-widget_type=\"image.default\">\n\t\t\t\t<div class=\"elementor-widget-container\">\n\t\t\t\t\t\t\t\t\t\t\t\t\t\t\t<img decoding=\"async\" width=\"103\" height=\"122\" src=\"https:\/\/stbenedictmiami.org\/wp-content\/uploads\/2023\/11\/icono-contacto-blanco.webp\" class=\"attachment-large size-large wp-image-384\" alt=\"\" \/>\t\t\t\t\t\t\t\t\t\t\t\t\t\t\t<\/div>\n\t\t\t\t<\/div>\n\t\t\t\t<\/div>\n\t\t<div class=\"elementor-element elementor-element-91ffc86 e-flex e-con-boxed e-con e-child\" data-id=\"91ffc86\" data-element_type=\"container\" data-e-type=\"container\">\n\t\t\t\t\t<div class=\"e-con-inner\">\n\t\t\t\t<div class=\"elementor-element elementor-element-46480c6 elementor-widget elementor-widget-text-editor\" data-id=\"46480c6\" data-element_type=\"widget\" data-e-type=\"widget\" data-widget_type=\"text-editor.default\">\n\t\t\t\t<div class=\"elementor-widget-container\">\n\t\t\t\t\t\t\t\t\tFor more information please contact the Religious Education Office at<br\/>\n<strong>305-557-2511<\/strong>\t\t\t\t\t\t\t\t<\/div>\n\t\t\t\t<\/div>\n\t\t\t\t\t<\/div>\n\t\t\t\t<\/div>\n\t\t\t\t<\/div>\n\t\t\t\t<\/div>\n\t\t\t\t<\/div>\n\t\t<div class=\"elementor-element elementor-element-accb269 e-flex e-con-boxed e-con e-parent\" data-id=\"accb269\" data-element_type=\"container\" data-e-type=\"container\">\n\t\t\t\t\t<div class=\"e-con-inner\">\n\t\t\t\t<div class=\"elementor-element elementor-element-b80f1c8 elementor-widget elementor-widget-heading\" data-id=\"b80f1c8\" data-element_type=\"widget\" data-e-type=\"widget\" data-widget_type=\"heading.default\">\n\t\t\t\t<div class=\"elementor-widget-container\">\n\t\t\t\t\t<h2 class=\"elementor-heading-title elementor-size-default\">Rite of Christian Initiation for Adults (RCIA)<\/h2>\t\t\t\t<\/div>\n\t\t\t\t<\/div>\n\t\t\t\t<div class=\"elementor-element elementor-element-9dbbe71 elementor-widget-divider--view-line elementor-widget elementor-widget-divider\" data-id=\"9dbbe71\" data-element_type=\"widget\" data-e-type=\"widget\" data-widget_type=\"divider.default\">\n\t\t\t\t<div class=\"elementor-widget-container\">\n\t\t\t\t\t\t\t<div class=\"elementor-divider\">\n\t\t\t<span class=\"elementor-divider-separator\">\n\t\t\t\t\t\t<\/span>\n\t\t<\/div>\n\t\t\t\t\t\t<\/div>\n\t\t\t\t<\/div>\n\t\t\t\t\t<\/div>\n\t\t\t\t<\/div>\n\t\t<div class=\"elementor-element elementor-element-b979d22 e-flex e-con-boxed e-con e-parent\" data-id=\"b979d22\" data-element_type=\"container\" data-e-type=\"container\">\n\t\t\t\t\t<div class=\"e-con-inner\">\n\t\t<div class=\"elementor-element elementor-element-da09619 e-con-full e-flex e-con e-child\" data-id=\"da09619\" data-element_type=\"container\" data-e-type=\"container\">\n\t\t<div class=\"elementor-element elementor-element-3e802ad e-con-full e-flex e-con e-child\" data-id=\"3e802ad\" data-element_type=\"container\" data-e-type=\"container\">\n\t\t\t\t<div class=\"elementor-element elementor-element-c1ed20e elementor-widget elementor-widget-text-editor\" data-id=\"c1ed20e\" data-element_type=\"widget\" data-e-type=\"widget\" data-widget_type=\"text-editor.default\">\n\t\t\t\t<div class=\"elementor-widget-container\">\n\t\t\t\t\t\t\t\t\t<p class=\"p1\">San Benito ofrece un per\u00edodo en el que pueden reunirse para aprender m\u00e1s sobre nuestra fe cat\u00f3lica a trav\u00e9s del Rito de Iniciaci\u00f3n Cristiana para Adultos.<\/p><p class=\"p1\">El Rito de Iniciaci\u00f3n Cristiana para adultos (RICA) es un proceso de educaci\u00f3n religiosa para personas\nmayores de 17 a\u00f1os que a\u00fan no han recibido ninguno de los sacramentos de iniciaci\u00f3n: Bautismo,\nConfirmaci\u00f3n y \/ o Primera Eucarist\u00eda. Este proceso tambi\u00e9n es para adultos de otras religiones que buscan convertirse en miembros de la Comunidad de la Iglesia Cat\u00f3lica (aquellos que han sido bautizados como cat\u00f3licos), pero no han recibido una formaci\u00f3n cat\u00f3lica formal tambi\u00e9n son bienvenidos a formar parte de este proceso.<\/p>\t\t\t\t\t\t\t\t<\/div>\n\t\t\t\t<\/div>\n\t\t\t\t<\/div>\n\t\t<div class=\"elementor-element elementor-element-e90f29f e-flex e-con-boxed e-con e-child\" data-id=\"e90f29f\" data-element_type=\"container\" data-e-type=\"container\">\n\t\t\t\t\t<div class=\"e-con-inner\">\n\t\t\t\t<div class=\"elementor-element elementor-element-4c29708 elementor-widget elementor-widget-text-editor\" data-id=\"4c29708\" data-element_type=\"widget\" data-e-type=\"widget\" data-widget_type=\"text-editor.default\">\n\t\t\t\t<div class=\"elementor-widget-container\">\n\t\t\t\t\t\t\t\t\t<p><strong><span style=\"color: #ad8f63;\">El RICA es para:<\/span><\/strong><br \/><br \/><\/p><ul><li>Adultos y j\u00f3venes no bautizados que hayan alcanzado el uso de raz\u00f3n y deseen hacerse cat\u00f3licos.<\/li><li>Adultos bautizados en otra tradici\u00f3n cristiana que buscan la plena comuni\u00f3n con la Iglesia Cat\u00f3lica Romana y los Sacramentos de la Confirmaci\u00f3n y la Eucarist\u00eda.<\/li><li>Adultos bautizados que fueron bautizados cuando eran beb\u00e9s en la Iglesia Cat\u00f3lica y ahora\nbuscan los sacramentos de la Eucarist\u00eda y la Confirmaci\u00f3n.<\/li><li><strong>El RICA es un viaje que nos lleva a trav\u00e9s de lo que creemos como cat\u00f3licos, c\u00f3mo celebramos esas creencias y c\u00f3mo vivimos nuestra vida para acercarnos a Dios.<\/strong><\/li><\/ul>\t\t\t\t\t\t\t\t<\/div>\n\t\t\t\t<\/div>\n\t\t\t\t\t<\/div>\n\t\t\t\t<\/div>\n\t\t\t\t<\/div>\n\t\t<div class=\"elementor-element elementor-element-4c3898d e-con-full e-flex e-con e-child\" data-id=\"4c3898d\" data-element_type=\"container\" data-e-type=\"container\" data-settings=\"{&quot;background_background&quot;:&quot;classic&quot;}\">\n\t\t\t\t<div class=\"elementor-element elementor-element-e112735 elementor-widget elementor-widget-text-editor\" data-id=\"e112735\" data-element_type=\"widget\" data-e-type=\"widget\" data-widget_type=\"text-editor.default\">\n\t\t\t\t<div class=\"elementor-widget-container\">\n\t\t\t\t\t\t\t\t\tLa fe cat\u00f3lica se comparte en un encuentro semanal a trav\u00e9s del di\u00e1logo entre los participantes, laicos y cl\u00e9rigos:<br>\n\n<strong><span style=\"color:#AD8F63\";>Martes en el Sal\u00f3n Parroquial:<\/strong>\n<span style=\"font-size: 16px;\">8:00pm \u2013 9:30pm<\/span>\t\t\t\t\t\t\t\t<\/div>\n\t\t\t\t<\/div>\n\t\t\t\t<\/div>\n\t\t\t\t\t<\/div>\n\t\t\t\t<\/div>\n\t\t<div class=\"elementor-element elementor-element-fac95ff e-con-full e-flex e-con e-parent\" data-id=\"fac95ff\" data-element_type=\"container\" data-e-type=\"container\">\n\t\t<div class=\"elementor-element elementor-element-3d9a76a e-con-full e-flex e-con e-child\" data-id=\"3d9a76a\" data-element_type=\"container\" data-e-type=\"container\" data-settings=\"{&quot;background_background&quot;:&quot;classic&quot;}\">\n\t\t<div class=\"elementor-element elementor-element-ba94982 e-con-full e-flex e-con e-child\" data-id=\"ba94982\" data-element_type=\"container\" data-e-type=\"container\">\n\t\t<div class=\"elementor-element elementor-element-914f102 e-con-full e-flex e-con e-child\" data-id=\"914f102\" data-element_type=\"container\" data-e-type=\"container\">\n\t\t\t\t<div class=\"elementor-element elementor-element-0795265 elementor-widget elementor-widget-image\" data-id=\"0795265\" data-element_type=\"widget\" data-e-type=\"widget\" data-widget_type=\"image.default\">\n\t\t\t\t<div class=\"elementor-widget-container\">\n\t\t\t\t\t\t\t\t\t\t\t\t\t\t\t<img decoding=\"async\" width=\"103\" height=\"122\" src=\"https:\/\/stbenedictmiami.org\/wp-content\/uploads\/2023\/11\/icono-contacto-blanco.webp\" class=\"attachment-large size-large wp-image-384\" alt=\"\" \/>\t\t\t\t\t\t\t\t\t\t\t\t\t\t\t<\/div>\n\t\t\t\t<\/div>\n\t\t\t\t<\/div>\n\t\t<div class=\"elementor-element elementor-element-2a00d97 e-flex e-con-boxed e-con e-child\" data-id=\"2a00d97\" data-element_type=\"container\" data-e-type=\"container\">\n\t\t\t\t\t<div class=\"e-con-inner\">\n\t\t\t\t<div class=\"elementor-element elementor-element-9eead56 elementor-widget elementor-widget-text-editor\" data-id=\"9eead56\" data-element_type=\"widget\" data-e-type=\"widget\" data-widget_type=\"text-editor.default\">\n\t\t\t\t<div class=\"elementor-widget-container\">\n\t\t\t\t\t\t\t\t\t<strong>Para obtener m\u00e1s informaci\u00f3n, p\u00f3ngase en contacto:<\/strong> Di\u00e1cono Emilio Blanco al 305-558-2150\t\t\t\t\t\t\t\t<\/div>\n\t\t\t\t<\/div>\n\t\t\t\t\t<\/div>\n\t\t\t\t<\/div>\n\t\t\t\t<\/div>\n\t\t\t\t<\/div>\n\t\t\t\t<\/div>\n\t\t\t\t<\/div>","protected":false},"excerpt":{"rendered":"<p>Religious Education Program (CCD) Children and teens Catechism is the process through which children, youth and adults of our community discover and share the mystery of their Christian faith. We may share our faith in a classroom setting and during special gatherings or celebrations that bring us closer to Jesus. Catechism goes beyond preparing children [&hellip;]<\/p>\n","protected":false},"author":1,"featured_media":0,"parent":0,"menu_order":0,"comment_status":"closed","ping_status":"closed","template":"","meta":{"_coblocks_attr":"","_coblocks_dimensions":"","_coblocks_responsive_height":"","_coblocks_accordion_ie_support":"","site-sidebar-layout":"no-sidebar","site-content-layout":"","ast-site-content-layout":"full-width-container","site-content-style":"default","site-sidebar-style":"default","ast-global-header-display":"","ast-banner-title-visibility":"","ast-main-header-display":"","ast-hfb-above-header-display":"","ast-hfb-below-header-display":"","ast-hfb-mobile-header-display":"","site-post-title":"disabled","ast-breadcrumbs-content":"","ast-featured-img":"disabled","footer-sml-layout":"","ast-disable-related-posts":"","theme-transparent-header-meta":"","adv-header-id-meta":"","stick-header-meta":"","header-above-stick-meta":"","header-main-stick-meta":"","header-below-stick-meta":"","astra-migrate-meta-layouts":"default","ast-page-background-enabled":"default","ast-page-background-meta":{"desktop":{"background-color":"var(--ast-global-color-4)","background-image":"","background-repeat":"repeat","background-position":"center center","background-size":"auto","background-attachment":"scroll","background-type":"","background-media":"","overlay-type":"","overlay-color":"","overlay-opacity":"","overlay-gradient":""},"tablet":{"background-color":"","background-image":"","background-repeat":"repeat","background-position":"center center","background-size":"auto","background-attachment":"scroll","background-type":"","background-media":"","overlay-type":"","overlay-color":"","overlay-opacity":"","overlay-gradient":""},"mobile":{"background-color":"","background-image":"","background-repeat":"repeat","background-position":"center center","background-size":"auto","background-attachment":"scroll","background-type":"","background-media":"","overlay-type":"","overlay-color":"","overlay-opacity":"","overlay-gradient":""}},"ast-content-background-meta":{"desktop":{"background-color":"var(--ast-global-color-5)","background-image":"","background-repeat":"repeat","background-position":"center center","background-size":"auto","background-attachment":"scroll","background-type":"","background-media":"","overlay-type":"","overlay-color":"","overlay-opacity":"","overlay-gradient":""},"tablet":{"background-color":"var(--ast-global-color-5)","background-image":"","background-repeat":"repeat","background-position":"center center","background-size":"auto","background-attachment":"scroll","background-type":"","background-media":"","overlay-type":"","overlay-color":"","overlay-opacity":"","overlay-gradient":""},"mobile":{"background-color":"var(--ast-global-color-5)","background-image":"","background-repeat":"repeat","background-position":"center center","background-size":"auto","background-attachment":"scroll","background-type":"","background-media":"","overlay-type":"","overlay-color":"","overlay-opacity":"","overlay-gradient":""}},"_joinchat":[],"footnotes":""},"class_list":["post-229","page","type-page","status-publish","hentry"],"yoast_head":"<!-- This site is optimized with the Yoast SEO plugin v27.5 - https:\/\/yoast.com\/product\/yoast-seo-wordpress\/ -->\n<title>RELIGIOUS EDUCATION -<\/title>\n<meta name=\"robots\" content=\"index, follow, max-snippet:-1, max-image-preview:large, max-video-preview:-1\" \/>\n<link rel=\"canonical\" href=\"https:\/\/stbenedictmiami.org\/es\/religious-education\/\" \/>\n<meta property=\"og:locale\" content=\"es_ES\" \/>\n<meta property=\"og:type\" content=\"article\" \/>\n<meta property=\"og:title\" content=\"RELIGIOUS EDUCATION -\" \/>\n<meta property=\"og:description\" content=\"Religious Education Program (CCD) Children and teens Catechism is the process through which children, youth and adults of our community discover and share the mystery of their Christian faith. We may share our faith in a classroom setting and during special gatherings or celebrations that bring us closer to Jesus. Catechism goes beyond preparing children [&hellip;]\" \/>\n<meta property=\"og:url\" content=\"https:\/\/stbenedictmiami.org\/es\/religious-education\/\" \/>\n<meta property=\"article:modified_time\" content=\"2025-06-28T00:01:35+00:00\" \/>\n<meta property=\"og:image\" content=\"https:\/\/stbenedictmiami.org\/wp-content\/uploads\/2023\/12\/educacion-religioso.webp\" \/>\n\t<meta property=\"og:image:width\" content=\"2000\" \/>\n\t<meta property=\"og:image:height\" content=\"1331\" \/>\n\t<meta property=\"og:image:type\" content=\"image\/webp\" \/>\n<meta name=\"twitter:card\" content=\"summary_large_image\" \/>\n<meta name=\"twitter:label1\" content=\"Tiempo de lectura\" \/>\n\t<meta name=\"twitter:data1\" content=\"5 minutos\" \/>\n<script type=\"application\/ld+json\" class=\"yoast-schema-graph\">{\"@context\":\"https:\\\/\\\/schema.org\",\"@graph\":[{\"@type\":\"WebPage\",\"@id\":\"https:\\\/\\\/stbenedictmiami.org\\\/religious-education\\\/\",\"url\":\"https:\\\/\\\/stbenedictmiami.org\\\/religious-education\\\/\",\"name\":\"RELIGIOUS EDUCATION -\",\"isPartOf\":{\"@id\":\"https:\\\/\\\/stbenedictmiami.org\\\/#website\"},\"primaryImageOfPage\":{\"@id\":\"https:\\\/\\\/stbenedictmiami.org\\\/religious-education\\\/#primaryimage\"},\"image\":{\"@id\":\"https:\\\/\\\/stbenedictmiami.org\\\/religious-education\\\/#primaryimage\"},\"thumbnailUrl\":\"https:\\\/\\\/stbenedictmiami.org\\\/wp-content\\\/uploads\\\/2023\\\/12\\\/educacion-religioso-1024x681.webp\",\"datePublished\":\"2023-11-01T00:57:42+00:00\",\"dateModified\":\"2025-06-28T00:01:35+00:00\",\"breadcrumb\":{\"@id\":\"https:\\\/\\\/stbenedictmiami.org\\\/religious-education\\\/#breadcrumb\"},\"inLanguage\":\"es\",\"potentialAction\":[{\"@type\":\"ReadAction\",\"target\":[\"https:\\\/\\\/stbenedictmiami.org\\\/religious-education\\\/\"]}]},{\"@type\":\"ImageObject\",\"inLanguage\":\"es\",\"@id\":\"https:\\\/\\\/stbenedictmiami.org\\\/religious-education\\\/#primaryimage\",\"url\":\"https:\\\/\\\/stbenedictmiami.org\\\/wp-content\\\/uploads\\\/2023\\\/12\\\/educacion-religioso-1024x681.webp\",\"contentUrl\":\"https:\\\/\\\/stbenedictmiami.org\\\/wp-content\\\/uploads\\\/2023\\\/12\\\/educacion-religioso-1024x681.webp\"},{\"@type\":\"BreadcrumbList\",\"@id\":\"https:\\\/\\\/stbenedictmiami.org\\\/religious-education\\\/#breadcrumb\",\"itemListElement\":[{\"@type\":\"ListItem\",\"position\":1,\"name\":\"Portada\",\"item\":\"https:\\\/\\\/stbenedictmiami.org\\\/\"},{\"@type\":\"ListItem\",\"position\":2,\"name\":\"RELIGIOUS EDUCATION\"}]},{\"@type\":\"WebSite\",\"@id\":\"https:\\\/\\\/stbenedictmiami.org\\\/#website\",\"url\":\"https:\\\/\\\/stbenedictmiami.org\\\/\",\"name\":\"\",\"description\":\"\",\"potentialAction\":[{\"@type\":\"SearchAction\",\"target\":{\"@type\":\"EntryPoint\",\"urlTemplate\":\"https:\\\/\\\/stbenedictmiami.org\\\/?s={search_term_string}\"},\"query-input\":{\"@type\":\"PropertyValueSpecification\",\"valueRequired\":true,\"valueName\":\"search_term_string\"}}],\"inLanguage\":\"es\"}]}<\/script>\n<!-- \/ Yoast SEO plugin. -->","yoast_head_json":{"title":"RELIGIOUS EDUCATION -","robots":{"index":"index","follow":"follow","max-snippet":"max-snippet:-1","max-image-preview":"max-image-preview:large","max-video-preview":"max-video-preview:-1"},"canonical":"https:\/\/stbenedictmiami.org\/es\/religious-education\/","og_locale":"es_ES","og_type":"article","og_title":"RELIGIOUS EDUCATION -","og_description":"Religious Education Program (CCD) Children and teens Catechism is the process through which children, youth and adults of our community discover and share the mystery of their Christian faith. We may share our faith in a classroom setting and during special gatherings or celebrations that bring us closer to Jesus. Catechism goes beyond preparing children [&hellip;]","og_url":"https:\/\/stbenedictmiami.org\/es\/religious-education\/","article_modified_time":"2025-06-28T00:01:35+00:00","og_image":[{"width":2000,"height":1331,"url":"https:\/\/stbenedictmiami.org\/wp-content\/uploads\/2023\/12\/educacion-religioso.webp","type":"image\/webp"}],"twitter_card":"summary_large_image","twitter_misc":{"Tiempo de lectura":"5 minutos"},"schema":{"@context":"https:\/\/schema.org","@graph":[{"@type":"WebPage","@id":"https:\/\/stbenedictmiami.org\/religious-education\/","url":"https:\/\/stbenedictmiami.org\/religious-education\/","name":"RELIGIOUS EDUCATION -","isPartOf":{"@id":"https:\/\/stbenedictmiami.org\/#website"},"primaryImageOfPage":{"@id":"https:\/\/stbenedictmiami.org\/religious-education\/#primaryimage"},"image":{"@id":"https:\/\/stbenedictmiami.org\/religious-education\/#primaryimage"},"thumbnailUrl":"https:\/\/stbenedictmiami.org\/wp-content\/uploads\/2023\/12\/educacion-religioso-1024x681.webp","datePublished":"2023-11-01T00:57:42+00:00","dateModified":"2025-06-28T00:01:35+00:00","breadcrumb":{"@id":"https:\/\/stbenedictmiami.org\/religious-education\/#breadcrumb"},"inLanguage":"es","potentialAction":[{"@type":"ReadAction","target":["https:\/\/stbenedictmiami.org\/religious-education\/"]}]},{"@type":"ImageObject","inLanguage":"es","@id":"https:\/\/stbenedictmiami.org\/religious-education\/#primaryimage","url":"https:\/\/stbenedictmiami.org\/wp-content\/uploads\/2023\/12\/educacion-religioso-1024x681.webp","contentUrl":"https:\/\/stbenedictmiami.org\/wp-content\/uploads\/2023\/12\/educacion-religioso-1024x681.webp"},{"@type":"BreadcrumbList","@id":"https:\/\/stbenedictmiami.org\/religious-education\/#breadcrumb","itemListElement":[{"@type":"ListItem","position":1,"name":"Portada","item":"https:\/\/stbenedictmiami.org\/"},{"@type":"ListItem","position":2,"name":"RELIGIOUS EDUCATION"}]},{"@type":"WebSite","@id":"https:\/\/stbenedictmiami.org\/#website","url":"https:\/\/stbenedictmiami.org\/","name":"","description":"","potentialAction":[{"@type":"SearchAction","target":{"@type":"EntryPoint","urlTemplate":"https:\/\/stbenedictmiami.org\/?s={search_term_string}"},"query-input":{"@type":"PropertyValueSpecification","valueRequired":true,"valueName":"search_term_string"}}],"inLanguage":"es"}]}},"_links":{"self":[{"href":"https:\/\/stbenedictmiami.org\/es\/wp-json\/wp\/v2\/pages\/229","targetHints":{"allow":["GET"]}}],"collection":[{"href":"https:\/\/stbenedictmiami.org\/es\/wp-json\/wp\/v2\/pages"}],"about":[{"href":"https:\/\/stbenedictmiami.org\/es\/wp-json\/wp\/v2\/types\/page"}],"author":[{"embeddable":true,"href":"https:\/\/stbenedictmiami.org\/es\/wp-json\/wp\/v2\/users\/1"}],"replies":[{"embeddable":true,"href":"https:\/\/stbenedictmiami.org\/es\/wp-json\/wp\/v2\/comments?post=229"}],"version-history":[{"count":91,"href":"https:\/\/stbenedictmiami.org\/es\/wp-json\/wp\/v2\/pages\/229\/revisions"}],"predecessor-version":[{"id":2548,"href":"https:\/\/stbenedictmiami.org\/es\/wp-json\/wp\/v2\/pages\/229\/revisions\/2548"}],"wp:attachment":[{"href":"https:\/\/stbenedictmiami.org\/es\/wp-json\/wp\/v2\/media?parent=229"}],"curies":[{"name":"wp","href":"https:\/\/api.w.org\/{rel}","templated":true}]}}